{"id":335,"date":"2014-02-03T18:45:52","date_gmt":"2014-02-03T16:45:52","guid":{"rendered":"http:\/\/pgbsosyalizm.org\/yenicms\/?page_id=335"},"modified":"2016-12-18T20:38:39","modified_gmt":"2016-12-18T18:38:39","slug":"on-sayfa","status":"publish","type":"page","link":"https:\/\/pgbsosyalizm.org\/","title":{"rendered":""},"content":{"rendered":"<div class='pfpItem entry-content'><h2 class='entry-title'><a href='https:\/\/pgbsosyalizm.org\/?p=2227'>\u0130ran'da Emperyalist Sava\u015fa Kar\u015f\u0131 Nas\u0131l M\u00fccadele Edilir?<\/a><\/h2>Ba\u015f\u0131n\u0131 ABD emperyalizminin \u00e7ekti\u011fi emperyalist sava\u015f d\u00fcnyan\u0131n d\u00f6rt bir yan\u0131nda patlad\u0131. Bu bir ba\u015flang\u0131\u00e7 olsa da her \u015feye ra\u011fmen bir 3. D\u00fcnya Sava\u015f\u0131 ba\u015flang\u0131c\u0131! 60 y\u0131ll\u0131k ara d\u00f6nem bitti. \u00c7\u00fcr\u00fcy\u00fc\u015f\u00fcn\u00fcn zirvesine ula\u015fm\u0131\u015f emperyalist\/kapitalizm hayatta kalabilmek i\u00e7in yeni sava\u015flara ihtiya\u00e7 duyuyor ve bunun i\u00e7in de ge\u00e7en y\u00fczy\u0131l Rosa Luxemburg\u2019un hakl\u0131 olarak tespit etti\u011fi gibi korkun\u00e7 bir [&hellip;]<a href='https:\/\/pgbsosyalizm.org\/?p=2227' class='pfpReadMore'>Okumaya devam et \u2192<\/a><div class='clear'><\/div><hr><\/div><div class='pfpItem entry-content'><h2 class='entry-title'><a href='https:\/\/pgbsosyalizm.org\/?p=2222'>Kahrolsun Trump\u2019\u0131n Venezuela\u2019ya y\u00f6nelik emperyalist sald\u0131rganl\u0131\u011f\u0131!<\/a><\/h2>D\u00f6rd\u00fcnc\u00fc Enternasyonal\u2019in Yeniden \u0130n\u015fas\u0131 i\u00e7in \u00d6rg\u00fctlenme Komitesi\u2019nin (OCRFI) a\u00e7\u0131klamas\u0131 3 Ocak 2026 2\u20133 Ocak gecesi ABD Hava Kuvvetleri Venezuela\u2019y\u0131 bombalad\u0131. Trump, Venezuela Devlet Ba\u015fkan\u0131 Nicolas Maduro ile e\u015fini ka\u00e7\u0131rd\u0131\u011f\u0131n\u0131 a\u00e7\u0131klad\u0131. D\u00f6rd\u00fcnc\u00fc Enternasyonal\u2019in Yeniden \u0130n\u015fas\u0131 i\u00e7in \u00d6rg\u00fctlenme Komitesi (OCRFI), egemen bir \u00fclkeye y\u00f6nelik bu emperyalist sald\u0131rganl\u0131\u011f\u0131 k\u0131namaktad\u0131r. Bu sald\u0131r\u0131, Eyl\u00fcl 2025\u2019ten bu yana Venezuela k\u0131y\u0131lar\u0131 a\u00e7\u0131klar\u0131nda [&hellip;]<a href='https:\/\/pgbsosyalizm.org\/?p=2222' class='pfpReadMore'>Okumaya devam et \u2192<\/a><div class='clear'><\/div><hr><\/div><div class='pfpItem entry-content'><h2 class='entry-title'><a href='https:\/\/pgbsosyalizm.org\/?p=2219'>Venezuela\u2019dan elinizi \u00e7ekin!<\/a><\/h2>D\u00f6rd\u00fcnc\u00fc Enternasyonal\u2019in Yeniden Te\u015fkili i\u00e7in \u00d6rg\u00fctlenme Komitesi (OCRFI) herkesi uyar\u0131yor: \u00d6n\u00fcm\u00fczdeki g\u00fcnlerde, hatta saatler i\u00e7inde Trump, Venezuela halk\u0131na y\u00f6nelik emperyalist sald\u0131rganl\u0131kta bir ad\u0131m daha atarak kara m\u00fcdahalesini ba\u015flatma tehdidini savuruyor. Trump\u2019\u0131n Venezuela k\u0131y\u0131lar\u0131na 4.500 Deniz Piyadesi ve t\u00fcm bir donanmay\u0131 sevk etmesinin \u00fczerinden \u00fc\u00e7 ay ge\u00e7ti. Bu s\u00fcre boyunca ABD Hava Kuvvetleri her hafta Venezuela [&hellip;]<a href='https:\/\/pgbsosyalizm.org\/?p=2219' class='pfpReadMore'>Okumaya devam et \u2192<\/a><div class='clear'><\/div><hr><\/div><div class='pfpItem entry-content'><h2 class='entry-title'><a href='https:\/\/pgbsosyalizm.org\/?p=2216'>Gazze: Dakikalar bile \u00f6nemli!<\/a><\/h2>Bu 17 Eyl\u00fcl g\u00fcn\u00fc, \u0130srail Ordusu bundan 82 y\u0131l \u00f6nce Var\u015fova Gettosunun ezilmesini hat\u0131rlatan sahnelerle Gazze\u2019nin kent merkezine sald\u0131r\u0131ya ge\u00e7ti. Bu yeni Nekbe\u2019de onbinlerce \u00e7ocuk ve ya\u015fl\u0131, \u0130srail ordusu taraf\u0131ndan hen\u00fcz katledilmedilerse, 2023 y\u0131l\u0131 Ekim ay\u0131ndan bu yana 15. ya da 20. defa yine ge\u00e7mi\u015fte oldu\u011fu gibi ka\u00e7\u0131\u015f yollar\u0131na koyulmu\u015f bulunuyorlar.Trump\u2019\u0131n D\u0131\u015fi\u015fleri Bakan\u0131 Rubio\u2019nun Tel [&hellip;]<a href='https:\/\/pgbsosyalizm.org\/?p=2216' class='pfpReadMore'>Okumaya devam et \u2192<\/a><div class='clear'><\/div><hr><\/div><div class='pfpItem entry-content'><h2 class='entry-title'><a href='https:\/\/pgbsosyalizm.org\/?p=2190'>K\u00fcresel bir Emperyalist Sava\u015fa kar\u015f\u0131 Acil Enternasyonal Toplant\u0131 \u00c7a\u011fr\u0131s\u0131 (Mart 2025)<\/a><\/h2>Ukrayna\u2019dan Rusya\u2019ya, Gazze\u2019den L\u00fcbnan\u2019a, Sudan\u2019dan Kongo Demokratik Cumhuriyeti\u2019ne b\u00fct\u00fcn bu sava\u015f sahalar\u0131n\u0131 y\u00fczbinlerce insan cesedi dolduruyor. Binlerce kad\u0131n ve erkek hayatlar\u0131n\u0131n geriye kalan b\u00f6l\u00fcmlerini harp malul\u00fc olarak tamamlayacaklar. Ge\u00e7mi\u015f ku\u015faklardan g\u00fcn\u00fcm\u00fcze miras kalan b\u00fct\u00fcn bir medeniyet en vah\u015fi barbarl\u0131kla imhaya terk edilmi\u015f halde. B\u00f6yle bir sava\u015f\u0131n dizginlerinden bo\u015falmas\u0131n\u0131n sorumlular\u0131 kim olursa olsun \u015fu saptama tart\u0131\u015f\u0131lamaz: [&hellip;]<a href='https:\/\/pgbsosyalizm.org\/?p=2190' class='pfpReadMore'>Okumaya devam et \u2192<\/a><div class='clear'><\/div><hr><\/div><div class='pfpItem entry-content'><h2 class='entry-title'><a href='https:\/\/pgbsosyalizm.org\/?p=2180'>Trump'\u0131n se\u00e7ilmesi i\u015f\u00e7i hareketinin y\u00f6neticilerinin politikalar\u0131n\u0131n yenilgisidir<\/a><\/h2>&#8212; IV. Enternasyonal\u2019in Yeniden Te\u015fkili i\u00e7in \u00d6rg\u00fctlenme Komitesinin (OCRFI) Bildirisi 5 Kas\u0131m 2024 tarihinde ABD\u2019de Trump\u2019\u0131n ba\u015fkan se\u00e7ilmesi d\u00fcnyan\u0131n en g\u00fc\u00e7l\u00fc kapitalist \u00fclkesinde burjuvazinin egemen fraksiyonlar\u0131 i\u00e7in, uluslararas\u0131 planda oldu\u011fu kadar \u00fclkesel planda da art\u0131k egemenliklerini geleneksel ara\u00e7larla s\u00fcrd\u00fcrebilmelerinin m\u00fcmk\u00fcn olmad\u0131\u011f\u0131n\u0131n fiili ifadesidir. Amerikan burjuvazisi ancak sosyal s\u0131n\u0131flar ve devletleraras\u0131 ili\u015fkilerde geleneksel ili\u015fki tarzlar\u0131ndan kurtulmak [&hellip;]<a href='https:\/\/pgbsosyalizm.org\/?p=2180' class='pfpReadMore'>Okumaya devam et \u2192<\/a><div class='clear'><\/div><hr><\/div><div class='pfpItem entry-content'><h2 class='entry-title'><a href='https:\/\/pgbsosyalizm.org\/?p=2162'>5 Kas\u0131m'\u0131n \u00f6nemi: Bundan sonra ne yapmal\u0131?<\/a><\/h2><img decoding=\"async\" src=\"https:\/\/pgbsosyalizm.org\/yenicms\/wp-content\/uploads\/2024\/11\/stop-arming-israel-150x72.png\" \/>&#8212; ABD Socialist Organizer (Sosyalist \u00d6rg\u00fct\u00e7\u00fc) a\u00e7\u0131klamas\u0131, 9 Kas\u0131m 2024 Sermaye medyas\u0131n\u0131n 5 Kas\u0131m se\u00e7imleriyle ilgili a\u00e7\u0131klamalar\u0131na bakacak olursak, se\u00e7menlerin dramatik bir \u015fekilde fa\u015fizme do\u011fru sa\u011fa kayd\u0131\u011f\u0131 ve ABD i\u015f\u00e7i s\u0131n\u0131f\u0131 ile Siyah, Yerli ve Renkli Halk (BIPOC) topluluklar\u0131n\u0131n tarihi bir yenilgiye u\u011frad\u0131\u011f\u0131 sonucuna varmak gerekir. Ama yan\u0131l\u0131yorlar. 5 Kas\u0131m&#8217;da yenilgiye u\u011frayan i\u015f\u00e7i ve BIPOC [&hellip;]<a href='https:\/\/pgbsosyalizm.org\/?p=2162' class='pfpReadMore'>Okumaya devam et \u2192<\/a><div class='clear'><\/div><hr><\/div><div class='pfpItem entry-content'><h2 class='entry-title'><a href='https:\/\/pgbsosyalizm.org\/?p=2160'>Fransa PT Bildirisi: ABD: \u0130\u015f\u00e7i S\u0131n\u0131f\u0131 ve Gen\u00e7lik Son S\u00f6zlerini Hen\u00fcz S\u00f6ylemediler!<\/a><\/h2>&#8212; Fransa \u0130\u015f\u00e7i Partisi (PT), 6 Kas\u0131m 2024 ABD kapitalist s\u0131n\u0131f\u0131n\u0131n \u00e7ok geni\u015f bir kesimi ABD\u2019de ve b\u00fct\u00fcn d\u00fcnyada kendi fetih ve talan politikalar\u0131na direnenleri zor yoluyla ezmek i\u00e7in Trump\u2019\u0131 se\u00e7tirdiler. Bu yolda \u201cd\u00fcnya d\u00fczeninin\u201d b\u00fct\u00fcn kurumlar\u0131n\u0131 yerinden oynatmaya haz\u0131rlar.<a href='https:\/\/pgbsosyalizm.org\/?p=2160' class='pfpReadMore'>Okumaya devam et \u2192<\/a><div class='clear'><\/div><hr><\/div><div class='pfpItem entry-content'><h2 class='entry-title'><a href='https:\/\/pgbsosyalizm.org\/?p=2152'>Halk Cephesi ve Eylem Komiteleri<\/a><\/h2>&#8212; Lev Tro\u00e7ki 1 \u201cHalk Cephesi\u201d, proletaryan\u0131n emperyalist burjuvaziyi temsil eden Radikal Parti ve ayn\u0131 t\u00fcrden daha k\u00fc\u00e7\u00fck ba\u015fka s\u00fcpr\u00fcnt\u00fclerle kurdu\u011fu ittifakt\u0131r. Bu ittifak parlamento zeminine kadar uzan\u0131r. B\u00fct\u00fcn zeminlerde kendi eylem \u00f6zg\u00fcrl\u00fc\u011f\u00fcn\u00fc koruyan Radikal Parti proletaryan\u0131nkini hoyrat\u00e7a s\u0131n\u0131rlar. Radikal Parti par\u00e7alanma s\u00fcrecindedir. \u015e\u00f6yle ki: Her yeni se\u00e7imde se\u00e7menleri onu sa\u011fa ya da sola kayarak [&hellip;]<a href='https:\/\/pgbsosyalizm.org\/?p=2152' class='pfpReadMore'>Okumaya devam et \u2192<\/a><div class='clear'><\/div><hr><\/div><div class='pfpItem entry-content'><h2 class='entry-title'><a href='https:\/\/pgbsosyalizm.org\/?p=2145'>\u015e\u0130MD\u0130, DERHAL: F\u0130L\u0130ST\u0130N KURUCU MECL\u0130S\u0130!<\/a><\/h2><img decoding=\"async\" src=\"https:\/\/pgbsosyalizm.org\/yenicms\/wp-content\/uploads\/2023\/12\/2023nakba-106x150.jpg\" \/>A\u015fa\u011f\u0131da 4.Enternasyonal\u2019in ve D\u00fcnya Sosyalist Devriminin Partisinin Yeniden Te\u015fkili i\u00e7in 3-4-5 Kas\u0131m 2023 tarihinde Paris\u2019te ger\u00e7ekle\u015ftirilen Uluslararas\u0131 Konferansta bir Filistinli militanla Enternasyonal\u2019in Fransa seksiyonundan bir militan taraf\u0131ndan ortakla\u015fa sunulmu\u015f Filistin \u00fczerine tezlerini bulacaks\u0131n\u0131z: (Foto\u011fraf: 2023 Nakba&#8217;s\u0131) Filistin halk\u0131n\u0131n yetmi\u015f be\u015f y\u0131ldan uzun zamand\u0131r me\u015fru toprak hakk\u0131ndan, yurtta\u015fl\u0131k hakk\u0131ndan, egemenlik hakk\u0131ndan, m\u00fcltecilerinin kendi topraklar\u0131na d\u00f6n\u00fc\u015f hakk\u0131ndan [&hellip;]<a href='https:\/\/pgbsosyalizm.org\/?p=2145' class='pfpReadMore'>Okumaya devam et \u2192<\/a><div class='clear'><\/div><hr><\/div><div class='pfpItem entry-content'><h2 class='entry-title'><a href='https:\/\/pgbsosyalizm.org\/?p=2140'>D\u00fcnya \u0130\u015f\u00e7i Partisi ve Ulusal Sorun \u00dczerine Nmanda Lumumba* ile Tart\u0131\u015fma<\/a><\/h2><img decoding=\"async\" src=\"https:\/\/pgbsosyalizm.org\/yenicms\/wp-content\/uploads\/2023\/11\/images-150x118.jpeg\" \/>* ABD\u2019li bir Siyahi \u0130\u015f\u00e7i Militan (Ujima People\u2019s Progressive Party\/ Ujima Halk\u0131n \u0130lerici Partisi)10 Nisan 2023 Daniel Gluckstein: Bildi\u011fin gibi bu tart\u0131\u015fman\u0131n amac\u0131, sana iletilmi\u015f olan \u201cD\u00f6rd\u00fcnc\u00fc Enternasyonal\u2019in Yeniden Te\u015fkili i\u00e7in, D\u00fcnya Sosyalist Devriminin Partisi i\u00e7in\u201d davet mektubu halk\u0131nda ne d\u00fc\u015f\u00fcnd\u00fc\u011f\u00fcn\u00fc \u00f6\u011frenmek istememiz. Ayn\u0131 politik geleneklere sahip de\u011filiz. Bizim gelene\u011fimiz IV. Enternasyonal gelene\u011fidir. Senin politik [&hellip;]<a href='https:\/\/pgbsosyalizm.org\/?p=2140' class='pfpReadMore'>Okumaya devam et \u2192<\/a><div class='clear'><\/div><hr><\/div><div class='pfpItem entry-content'><h2 class='entry-title'><a href='https:\/\/pgbsosyalizm.org\/?p=2119'>\"IV. Enternasyonal'in YenidenTe\u015fkili i\u00e7in, Sosyalist Devrimin D\u00fcnya Partisi i\u00e7in\" Uluslararas\u0131 Konferansa Davet Mektubu<\/a><\/h2><img decoding=\"async\" src=\"https:\/\/pgbsosyalizm.org\/yenicms\/wp-content\/uploads\/2023\/11\/Ekran-goruntusu-2023-11-10-142209-129x150.png\" \/>2022 y\u0131l\u0131n\u0131n sonunda d\u00fcnya sava\u015f\u0131n i\u00e7ine iyice g\u00f6m\u00fcl\u00fcyor. Bu sava\u015f nedeniyle gezegenin her taraf\u0131nda felaketler ve derin ac\u0131lar ya\u015fan\u0131yor. Bir t\u0131rman\u0131\u015f s\u00f6z konusu. Bug\u00fcn Ukrayna ve Rusya, Afrika, yar\u0131n \u00c7in. Peki bu durumdan bir \u00e7\u0131k\u0131\u015f yolu var m\u0131? Kendini s\u00f6m\u00fcr\u00fclenler ve ezilenler saf\u0131nda g\u00f6renler i\u00e7in zorunlu bir tart\u0131\u015fma bu. Bu tart\u0131\u015fmay\u0131 IV. Enternasyonal&#8217;in program\u0131na dayand\u0131klar\u0131n\u0131 [&hellip;]<a href='https:\/\/pgbsosyalizm.org\/?p=2119' class='pfpReadMore'>Okumaya devam et \u2192<\/a><div class='clear'><\/div><hr><\/div><div class='pfpItem entry-content'><h2 class='entry-title'><a href='https:\/\/pgbsosyalizm.org\/?p=2114'>OCRFI F\u0130L\u0130ST\u0130N A\u00c7IKLAMASI<\/a><\/h2><img decoding=\"async\" src=\"https:\/\/pgbsosyalizm.org\/yenicms\/wp-content\/uploads\/2023\/11\/gazze-savas-1068x712-1-150x100.jpeg\" \/>IV. ENTERNASYONAL\u2019\u0130N YEN\u0130DEN TE\u015eK\u0130L\u0130 \u0130\u00c7\u0130N \u00d6RG\u00dcTLENME KOM\u0130TES\u0130 (OCRFI) 14 Ekim 2023 D\u00fcnyan\u0131n emek\u00e7ileri, gen\u00e7leri ve halklar\u0131 Filistin\u2019de hayatlar\u0131ndan vah\u015fice kopart\u0131lm\u0131\u015f iki kesimden de binlerce sivil kurban ve \u00f6zellikle gen\u00e7ler ve \u00e7ocuklar i\u00e7in b\u00fcy\u00fck ac\u0131 duyuyorlar. \u0130srail ba\u015fbakan\u0131 Netanyahu \u201cBu sava\u015ft\u0131r!\u201d diye hayk\u0131rd\u0131. Oysa sava\u015f 7 Ekim 2023\u2019te ba\u015flamad\u0131 ki, b\u00f6lgeyi yetmi\u015f be\u015f y\u0131ld\u0131r kas\u0131p kavuruyor. [&hellip;]<a href='https:\/\/pgbsosyalizm.org\/?p=2114' class='pfpReadMore'>Okumaya devam et \u2192<\/a><div class='clear'><\/div><hr><\/div><div class='pfpItem entry-content'><h2 class='entry-title'><a href='https:\/\/pgbsosyalizm.org\/?p=2100'>G\u00f6z\u00fcn arkada kalmas\u0131n MAHO yolda\u015f!<\/a><\/h2><img decoding=\"async\" src=\"https:\/\/pgbsosyalizm.org\/yenicms\/wp-content\/uploads\/2023\/06\/Muhittin_Karkin.jpeg\" \/>&#8212; \u015eadi OZANS\u00dc 1973 y\u0131l\u0131ndan bu yana \u00e7e\u015fitli aral\u0131klarla da olsa uzunca s\u00fcre birlikte m\u00fccadele verdi\u011fimiz yolda\u015f\u0131m\u0131z, karde\u015fimiz, dostumuz Ahmet Muhittin KARKIN&#8216;\u0131 kaybettik. Kendisiyle ve tabii bug\u00fcn hayatta olmayan ve olmaya devam eden ba\u015fka yolda\u015flarla birlikte 1980 y\u0131l\u0131n\u0131n \u015eubat ay\u0131nda \u0130\u015e\u00c7\u0130 CEPHES\u0130 (IV. Enternasyonal) gazetesini \u00e7\u0131kard\u0131k, grubunu kurduk. O tarihten itibaren k\u0131sa bir zaman zarf\u0131nda [&hellip;]<a href='https:\/\/pgbsosyalizm.org\/?p=2100' class='pfpReadMore'>Okumaya devam et \u2192<\/a><div class='clear'><\/div><hr><\/div><div class='pfpItem entry-content'><h2 class='entry-title'><a href='https:\/\/pgbsosyalizm.org\/?p=2087'>Ukrayna sorununun tarihi k\u00f6kleri<\/a><\/h2>Tarihi belge: 1923 y\u0131l\u0131 Bol\u015fevik Partisi 13. Kongresinde ulusal sorun \u00fczerine Rakovski&#8217;nin konu\u015fmas\u0131. Ulusal sorunda Leninist politikadan nas\u0131l vazge\u00e7ildi? Bol\u015fevik Partisi ve Ulusal Sorun (Nisan&nbsp;1923) &#8212; Khr\u0131stiyan Rakovski 1 Bir s\u00fcredir yar\u0131 fel\u00e7 vaziyetinde hasta yata\u011f\u0131na \u00e7ak\u0131lm\u0131\u015f bulunan Lenin, 1922 y\u0131l\u0131n\u0131n aral\u0131k ay\u0131ndan itibaren Sovyet Rusya\u2019daki di\u011fer milliyetler \u00fczerinde bask\u0131 uygulayan ve s\u00f6zc\u00fcl\u00fc\u011f\u00fcn\u00fc Stalin\u2019in yapt\u0131\u011f\u0131 [&hellip;]<a href='https:\/\/pgbsosyalizm.org\/?p=2087' class='pfpReadMore'>Okumaya devam et \u2192<\/a><div class='clear'><\/div><hr><\/div><div class='pfpItem entry-content'><h2 class='entry-title'><a href='https:\/\/pgbsosyalizm.org\/?p=2081'>Amerika\u2019n\u0131n Ukrayna Sava\u015f\u0131na HAYIR! NATO Defol!<\/a><\/h2>IV. Enternasyonal\u2019in Yeniden Te\u015fkili i\u00e7in \u00d6rg\u00fctlenme Komitesi&#8217;nin (OCRFI, DEYT\u00d6K) deklarasyonu 2022 y\u0131l\u0131na Avrupa\u2019n\u0131n g\u00f6be\u011finde emperyalizmin bir sava\u015fa y\u00fcr\u00fcy\u00fc\u015f hamlesiyle giriyoruz. Rusya ile Ukrayna aras\u0131ndaki s\u0131n\u0131r\u0131n her iki yan\u0131nda da n\u00fckleer silah sahibi iki b\u00fcy\u00fck g\u00fcc\u00fc, yani ABD ile Rusya\u2019y\u0131, yar\u0131n \u00f6b\u00fcr g\u00fcn bir s\u0131cak \u00e7at\u0131\u015fmaya s\u00fcr\u00fckleyebilecek devasa askeri kuvvetler konu\u015flanm\u0131\u015f durumda. Avrupa k\u0131tas\u0131nda 1945 y\u0131l\u0131ndan [&hellip;]<a href='https:\/\/pgbsosyalizm.org\/?p=2081' class='pfpReadMore'>Okumaya devam et \u2192<\/a><div class='clear'><\/div><hr><\/div><div class='pfpItem entry-content'><h2 class='entry-title'><a href='https:\/\/pgbsosyalizm.org\/?p=2072'>Filistin Halk\u0131n\u0131n Katledilmesi Durdurulsun!<\/a><\/h2>IV. Enternasyonal\u2019in Yeniden Te\u015fkili i\u00e7in \u00d6rg\u00fctlenme Komitesi&#8217;nin (OCRFI, DEYT\u00d6K) Bildirisi Filistin halk\u0131n\u0131n u\u011frad\u0131\u011f\u0131 felaketin insanl\u0131k olarak bug\u00fcn tan\u0131k oldu\u011fumuz son perdesi son yetmi\u015f be\u015f y\u0131lda meydana gelmi\u015f olan olaylarla s\u00fcreklilik i\u00e7erisindedir. Filistin halk\u0131n\u0131n ya\u015fad\u0131\u011f\u0131 felaket Britanya emperyalizmi, Amerikan emperyalizmi ve SSCB\u2019deki Stalinist b\u00fcrokrasinin kar\u015f\u0131devrimci ittifak\u0131n\u0131n sonucudur. Bu ittifak d\u00fcnya d\u00fczenini korunmak ad\u0131na Tarihsel Filistin\u2019in b\u00f6l\u00fcnmesini [&hellip;]<a href='https:\/\/pgbsosyalizm.org\/?p=2072' class='pfpReadMore'>Okumaya devam et \u2192<\/a><div class='clear'><\/div><hr><\/div><div class='pfpItem entry-content'><h2 class='entry-title'><a href='https:\/\/pgbsosyalizm.org\/?p=2045'>Avrupa \u0130\u015f\u00e7i Konferans\u0131 Sonu\u00e7 Metni<\/a><\/h2><img decoding=\"async\" src=\"https:\/\/pgbsosyalizm.org\/yenicms\/wp-content\/uploads\/2018\/06\/avrkonf_foto-150x96.png\" \/>Maastricht Antla\u015fmas\u0131\u2019n\u0131n imzalanmas\u0131ndan 25 y\u0131l sonra biz, i\u015f\u00e7iler 1, gen\u00e7lik ve i\u015f\u00e7i hareketi militanlar\u0131 Belarus, Bel\u00e7ika, \u0130ngiltere, Fransa, Almanya, Yunanistan, Macaristan, \u0130rlanda, \u0130talya, Makedonya, Portekiz, Romanya, S\u0131rbistan, \u0130spanya, \u0130svi\u00e7re ve T\u00fcrkiye\u2019den gelerek Paris\u2019te 12-13 May\u0131s 2018 tarihlerinde topland\u0131k ve Fransa, Almanya ve \u0130talya\u2019dan gelen \u00e7a\u011fr\u0131ya cevap verdik. Ya\u015famak i\u00e7in i\u015fg\u00fcc\u00fcn\u00fc satmak zorunda olan t\u00fcm i\u015f\u00e7iler, [&hellip;]<a href='https:\/\/pgbsosyalizm.org\/?p=2045' class='pfpReadMore'>Okumaya devam et \u2192<\/a><div class='clear'><\/div><hr><\/div><div class='pfpItem entry-content'><h2 class='entry-title'><a href='https:\/\/pgbsosyalizm.org\/?p=2040'>Bu bir erken se\u00e7im de\u011fil her t\u00fcr demokrasiyi ortadan kald\u0131rma karar\u0131d\u0131r!<\/a><\/h2>Devlet Bah\u00e7eli&#8217;nin Tayyip Erdo\u011fan&#8217;la ald\u0131\u011f\u0131 26 A\u011fustos 2018&#8217;de erken se\u00e7im \u00f6nerisinin s\u00f6zde 30 dakikal\u0131k bir g\u00f6r\u00fc\u015fmeyle 24 Haziran 2018 tarihine \u00e7ekilmesi karar\u0131, b\u00fct\u00fcn a\u00e7\u0131kl\u0131\u011f\u0131yla bu karar\u0131n daha \u00f6nceden dan\u0131\u015f\u0131kl\u0131 olarak al\u0131nm\u0131\u015f oldu\u011funu g\u00f6steriyor. \u00dcstelik bu karar\u0131n gerek\u00e7esi olarak ileri s\u00fcr\u00fclen g\u00f6r\u00fc\u015fler \u00f6zr\u00fc kabahatinden b\u00fcy\u00fck dedirten t\u00fcrden. Evet Bah\u00e7eli, Erdo\u011fan&#8217;\u0131n da kendisiyle ayn\u0131 g\u00f6r\u00fc\u015fte oldu\u011funu ifade [&hellip;]<a href='https:\/\/pgbsosyalizm.org\/?p=2040' class='pfpReadMore'>Okumaya devam et \u2192<\/a><div class='clear'><\/div><hr><\/div><div class='pfpItem entry-content'><h2 class='entry-title'><a href='https:\/\/pgbsosyalizm.org\/?p=2013'>Trump'\u0131n Provokasyonu: Filistin Halk\u0131 Tehlikede!<\/a><\/h2><img decoding=\"async\" src=\"https:\/\/pgbsosyalizm.org\/yenicms\/wp-content\/uploads\/2017\/12\/filistinin-bolusumu-150x106.jpg\" \/>IV. Enternasyonal\u2019in Yeniden Olu\u015fumu i\u00e7in \u00d6rg\u00fctlenme Komitesi&#8217;nin (OCRFI) Deklarasyonu ABD Ba\u015fkan\u0131 Trump&#8217;\u0131n Kud\u00fcs&#8217;\u00fc \u0130srail&#8217;in ba\u015fkenti olarak tan\u0131d\u0131\u011f\u0131 ve ABD B\u00fcy\u00fckel\u00e7ili\u011fi&#8217;ni bu \u015fehre ta\u015f\u0131yaca\u011f\u0131 y\u00f6n\u00fcndeki provokatif a\u00e7\u0131klamas\u0131 Filistin halk\u0131n\u0131n ve Filistin halk\u0131n\u0131n kendi geleceklerini kendileri belirleme hakk\u0131n\u0131 ko\u015fulsuz destekleyen t\u00fcm d\u00fcnyadan insanlar\u0131n hakl\u0131 \u00f6fkesine sebep oldu. Filistin halk\u0131 bir kere daha tehdit alt\u0131nda! Trump&#8217;\u0131n provokasyonunun ard\u0131ndan [&hellip;]<a href='https:\/\/pgbsosyalizm.org\/?p=2013' class='pfpReadMore'>Okumaya devam et \u2192<\/a><div class='clear'><\/div><hr><\/div><div class='pfpItem entry-content'><h2 class='entry-title'><a href='https:\/\/pgbsosyalizm.org\/?p=2021'>Avrupa Konferans\u0131 \u00c7a\u011fr\u0131s\u0131 \u0130LK \u0130MZACILAR listesi<\/a><\/h2>Demokrasi ve i\u015f\u00e7i hareketlerinin \u00e7e\u015fitli ak\u0131mlar\u0131ndan i\u015f\u00e7ilerin ve i\u015f\u00e7i m\u00fccadelesi veren insanlar\u0131n Avrupa&#8217;da bir \u0130\u015f\u00e7i Konferans\u0131n\u0131n toplanmas\u0131 i\u00e7in ger\u00e7ekle\u015ftirdi\u011fi \u00c7A\u011eRIy\u0131 sizlere ula\u015ft\u0131rm\u0131\u015f ve\u00a0T\u00fcrkiye&#8217;den de i\u015f\u00e7i s\u0131n\u0131f\u0131 m\u00fccadelesi y\u00fcr\u00fctenleri \u0130LK \u0130MZACILAR aras\u0131na kat\u0131larak destek olmaya \u00e7a\u011f\u0131rm\u0131\u015ft\u0131k. T\u00fcm Avrupa&#8217;dan gelen ilk imzac\u0131lar listesini a\u015fa\u011f\u0131da payla\u015f\u0131yoruz. T\u00fcm Avrupa halklar\u0131 ve i\u015f\u00e7ilerinin s\u0131n\u0131rlar ve s\u0131n\u0131rlamalar olmaks\u0131z\u0131n \u00f6zg\u00fcr birlikteli\u011fi i\u00e7in! [&hellip;]<a href='https:\/\/pgbsosyalizm.org\/?p=2021' class='pfpReadMore'>Okumaya devam et \u2192<\/a><div class='clear'><\/div><hr><\/div><div class='pfpItem entry-content'><h2 class='entry-title'><a href='https:\/\/pgbsosyalizm.org\/?p=1971'>Avrupa Konferans\u0131 i\u00e7in \u00c7A\u011eRI<\/a><\/h2>Maastricht Antla\u015fmas\u0131 25 y\u0131l \u00f6nce imzaland\u0131 Bizler \u00fclkelerimizdeki demokrasi ve i\u015f\u00e7i hareketlerinin \u00e7e\u015fitli ak\u0131mlar\u0131ndan i\u015f\u00e7iler, i\u015f\u00e7i m\u00fccadelesi veren insanlar\u0131z. Maastricht Antla\u015fmas\u0131\u2019n\u0131n kabul\u00fcn\u00fcn sonu\u00e7lar\u0131 olarak \u015fu ger\u00e7ekleri tespit etmek zorunday\u0131z: Fransa\u2019da Bize dayat\u0131lan \u201cserbest ve \u00e7arp\u0131t\u0131lmam\u0131\u015f rekabet\u201d her alanda k\u0131smi veya tam \u00f6zelle\u015ftirmelere yol a\u00e7t\u0131: demiryollar\u0131 (SNCF), enerji (EDF-GDF), posta, telekom, havaalanlar\u0131, TV kanal\u0131 (TF1) ve [&hellip;]<a href='https:\/\/pgbsosyalizm.org\/?p=1971' class='pfpReadMore'>Okumaya devam et \u2192<\/a><div class='clear'><\/div><hr><\/div><div class='pfpItem entry-content'><h2 class='entry-title'><a href='https:\/\/pgbsosyalizm.org\/?p=1964'>Barselona sokaklar\u0131nda Frankocu Ulusal Muhaf\u0131zlar\u0131n estirdi\u011fi ter\u00f6r AB'nin ger\u00e7ek y\u00fcz\u00fcd\u00fcr!<\/a><\/h2>[Uluslararas\u0131 \u0130\u015f\u00e7i Komitesi (U\u0130K) \u00fcyesi Fransa Ba\u011f\u0131ms\u0131z Demokratik \u0130\u015f\u00e7i Partisi&#8217;nin (POID) Katalanya&#8217;daki geli\u015fmeler \u00fczerine a\u00e7\u0131klamas\u0131d\u0131r.] \u0130spanyol Ulusal Muhaf\u0131zlar\u0131 (Franco d\u00f6neminden kalma \u00d6zel Polis Te\u015fkilat\u0131) ko\u00e7 ba\u015flar\u0131 kullan\u0131p kap\u0131lar\u0131 k\u0131rarak se\u00e7im sand\u0131klar\u0131na m\u00fcdahale ettiler ve bar\u0131\u015f\u00e7\u0131l se\u00e7menlerin ellerinden oy pusulalar\u0131n\u0131 zorla ald\u0131lar; y\u00fczlerce yurtta\u015f, gen\u00e7, ya\u015fl\u0131 ve hatta \u00e7ocuk sald\u0131r\u0131ya u\u011frad\u0131lar, darbelere maruz kald\u0131lar ve yaraland\u0131lar. [&hellip;]<a href='https:\/\/pgbsosyalizm.org\/?p=1964' class='pfpReadMore'>Okumaya devam et \u2192<\/a><div class='clear'><\/div><hr><\/div><div class='pfpItem entry-content'><h2 class='entry-title'><a href='https:\/\/pgbsosyalizm.org\/?p=1959'>Gerici emperyalist devlet \u0130spanya Krall\u0131\u011f\u0131'na HAYIR!<\/a><\/h2>AB \u00fcyesi olmayan cumhuriyet\u00e7i ba\u011f\u0131ms\u0131z Katalanya&#8217;ya EVET! AB \u00fcyesi olmayan federal ve cumhuriyet\u00e7i bir \u0130spanya i\u00e7in! &#8212; \u015eadi Ozans\u00fc\u00a0 \u0130spanya&#8217;da fa\u015fist Franco diktat\u00f6rl\u00fc\u011f\u00fc,\u00a0 1976 y\u0131l\u0131nda diktat\u00f6r\u00fcn \u00f6l\u00fcm\u00fcyle son buldu. Portekizdeyse onun kadim dostu Salazar&#8217;\u0131n diktat\u00f6rl\u00fc\u011f\u00fc, diktat\u00f6r\u00fcn \u00f6l\u00fcm\u00fcnden epey sonra 1974 y\u0131l\u0131nda ger\u00e7ekle\u015fen devrimle sona erdi. \u0130kisi aras\u0131ndaki fark \u015fuydu: Portekiz devrimiyle diktat\u00f6rl\u00fck rejiminin b\u00fct\u00fcn kurumlar\u0131, [&hellip;]<a href='https:\/\/pgbsosyalizm.org\/?p=1959' class='pfpReadMore'>Okumaya devam et \u2192<\/a><div class='clear'><\/div><hr><\/div><div class='pfpItem entry-content'><h2 class='entry-title'><a href='https:\/\/pgbsosyalizm.org\/?p=1952'>Kuzey Irak'ta K\u00fcrt referandumundan niye korkuluyor?<\/a><\/h2>K\u00fcrt halk\u0131 toplam 40 milyonluk bir n\u00fcfusa sahip olan ve tarihte 1946 y\u0131l\u0131nda bir y\u0131ldan az bir s\u00fcre \u0130ran K\u00fcrdistan&#8217;\u0131nda ya\u015fayabilmi\u015f bir devlete (Mahabad Cumhuriyeti) ancak bir kez sahip olabilmi\u015f bir halk. D\u00fcnyada ve Ortado\u011fu&#8217;da \u00e7ok daha k\u00fc\u00e7\u00fck n\u00fcfuslu halklar (\u0130srail, Kuveyt, Katar, Suudi Arabistan, Birle\u015fik Arap Emirlikleri, \u00dcrd\u00fcn gibi) kendi yapay devletlerine sahipken K\u00fcrt [&hellip;]<a href='https:\/\/pgbsosyalizm.org\/?p=1952' class='pfpReadMore'>Okumaya devam et \u2192<\/a><div class='clear'><\/div><hr><\/div><div class='pfpItem entry-content'><h2 class='entry-title'><a href='https:\/\/pgbsosyalizm.org\/?p=1948'>14 Temmuz, Trump ve Macron Paris\u2019te; Sava\u015f \u00c7\u0131\u011f\u0131rtkanlar\u0131n\u0131n ve S\u00f6m\u00fcr\u00fcc\u00fclerin Kutsal \u0130ttifak\u0131<\/a><\/h2>&#8212; The Organizer (ABD) ile La Tribune des Travailleurs (Fransa) Ortak A\u00e7\u0131klamas\u0131 Donald Trump ve Emmanuel Macron 14 Temmuz\u2019da yap\u0131lan geleneksel askeri ge\u00e7it t\u00f6renine birlikte ba\u015fkanl\u0131k ettiler. Fransa\u2019da bu ulusal bayram, 14 Temmuz 1789\u2019da &#8211; monar\u015finin keyfi idaresini ve bask\u0131s\u0131n\u0131 temsil eden- Bastille zindan\u0131n\u0131n devrimde halk taraf\u0131ndan bas\u0131lmas\u0131n\u0131 anmak i\u00e7in kutlan\u0131yor. \u0130\u015fte b\u00f6yle bir anmaya, [&hellip;]<a href='https:\/\/pgbsosyalizm.org\/?p=1948' class='pfpReadMore'>Okumaya devam et \u2192<\/a><div class='clear'><\/div><hr><\/div><div class='pfpItem entry-content'><h2 class='entry-title'><a href='https:\/\/pgbsosyalizm.org\/?p=1946'>KR\u0130ZDEN \u00c7IKI\u015e \u0130\u00c7\u0130N TEK RE\u00c7ETE:<\/a><\/h2><img decoding=\"async\" src=\"https:\/\/cascade.madmimi.com\/promotion_images\/0646\/1713\/original\/ikp1-717x1024.jpg?1478437548\" alt=\"ikp1-717x1024\" width=\"154\" \/>SINIRSIZ B\u0130R S\u0130YASAL DEMOKRAS\u0130YLE HALK EGEMENL\u0130\u011e\u0130N\u0130N TES\u0130S\u0130 \u0130\u00c7\u0130N DEMOKRAT\u0130K SE\u00c7\u0130MLER! \u00d6nce 12 Mart 1971 askeri m\u00fcdahalesi ve esas olarak ard\u0131ndan gelen 12 Eyl\u00fcl 1980 askeri darbesiyle birlikte 1961 Anayasas\u0131n\u0131n ve yaratt\u0131\u011f\u0131 kurumlar\u0131n sundu\u011fu g\u00f6reli siyasal demokrasi ortam\u0131 rafa kald\u0131r\u0131lm\u0131\u015ft\u0131. 16 Nisan 2017 referandumu b\u00fct\u00fcn bunlar\u0131n \u00fczerine t\u00fcy dikti, \u00e7\u00fcnk\u00fc 12 Eyl\u00fcl askeri darbesinin b\u00fcy\u00fck burjuvazi [&hellip;]<a href='https:\/\/pgbsosyalizm.org\/?p=1946' class='pfpReadMore'>Okumaya devam et \u2192<\/a><div class='clear'><\/div><hr><\/div><div class='pfpItem entry-content'><h2 class='entry-title'><a href='https:\/\/pgbsosyalizm.org\/?p=1931'>H\u0130ND\u0130STAN: Maruti i\u015f\u00e7ilerinin ve sendikac\u0131lar\u0131n\u0131n hepsinin serbest b\u0131rak\u0131lmas\u0131 m\u00fccadelesinde ilk kazan\u0131m<\/a><\/h2>Haryana Y\u00fcksek Mahkemesi, Sulh Mahkemesi taraf\u0131ndan be\u015f y\u0131l hapis cezas\u0131na \u00e7arpt\u0131r\u0131lan ve hapiste olan d\u00f6rt Maruti i\u015f\u00e7isinin sal\u0131verilmesine karar verdi. 13 y\u0131l ceza alm\u0131\u015f olan ma\u011fdurlar halen hapisteler. Onlar\u0131n da yak\u0131nda duru\u015fmalar\u0131 yap\u0131lacak. 12 Temmuz g\u00fcn\u00fc Maruti Suzuki \u0130\u015f\u00e7ileri Sendikas\u0131 (MSWU) ad\u0131na yolda\u015f Ramniwas Kush taraf\u0131ndan g\u00f6nderilmi\u015f olan rapor \u015f\u00f6yle: \u201cMaruti Manesar fabrikas\u0131nda 18 Temmuz [&hellip;]<a href='https:\/\/pgbsosyalizm.org\/?p=1931' class='pfpReadMore'>Okumaya devam et \u2192<\/a><div class='clear'><\/div><hr><\/div><div class='pfpItem entry-content'><h2 class='entry-title'><a href='https:\/\/pgbsosyalizm.org\/?p=1907'>SINIF PART\u0130S\u0130 \u0130HT\u0130YACI HAD SAFHADA!<\/a><\/h2>&#8212; \u015eadi OZANS\u00dc CHP&#8217;nin Ankara-\u0130stanbul y\u00fcr\u00fcy\u00fc\u015f\u00fc iyi okunmal\u0131. &#8220;Kitle-Parti-\u00d6nderlik&#8221; \u00fc\u00e7l\u00fcs\u00fcn\u00fcn aras\u0131ndaki diyalektik ili\u015fki ortada y\u0131llar sonra h\u00e2l\u00e2 ba\u011f\u0131ms\u0131z bir s\u0131n\u0131f partisinin bulunmad\u0131\u011f\u0131 ko\u015fullarda bir k\u00fc\u00e7\u00fck burjuva milliyet\u00e7i partisinin \u00fczerinden irdelenmek zorunda kal\u0131n\u0131yor. Bu, sosyalist hareket a\u00e7\u0131s\u0131ndan \u00fcz\u00fcc\u00fc bir durum, ama ne \u00e7are ki somut duruma bakmak zorunday\u0131z. Evet, bug\u00fcn bu \u00fclkede neredeyse sadece i\u015f\u00e7i s\u0131n\u0131f\u0131n\u0131n [&hellip;]<a href='https:\/\/pgbsosyalizm.org\/?p=1907' class='pfpReadMore'>Okumaya devam et \u2192<\/a><div class='clear'><\/div><hr><\/div><div class='pfpItem entry-content'><h2 class='entry-title'><a href='https:\/\/pgbsosyalizm.org\/?p=1915'>\u0130ngiltere Genel Se\u00e7imleri: \u0130\u015f\u00e7i s\u0131n\u0131f\u0131n\u0131n oyu<\/a><\/h2>&#8212; Fran\u00e7ois\u00a0Forgue\u00a0 [Not: A\u015fa\u011f\u0131daki makale Fransa Ba\u011f\u0131ms\u0131z Demokratik \u0130\u015f\u00e7i Partisi&#8217;nin (POID) haftal\u0131k dergisi Tribune\u00a0des Travailleurs (\u0130\u015f\u00e7ilerin K\u00fcrs\u00fcs\u00fc) 93. say\u0131s\u0131ndan al\u0131nm\u0131\u015ft\u0131r.] \u0130ngiltere\u2019deki se\u00e7imler s\u00f6z konusu oldu\u011funda her \u015fey \u00f6nceden ayarlanm\u0131\u015ft\u0131. Theresa May liderli\u011findeki Muhafazakar Parti\u2019nin galip gelmesi gerekiyordu. Avrupa Birli\u011fi deli g\u00f6mle\u011fine bir son verme arzusundaki kendi \u00fcyeleri ve se\u00e7menlerinin iradesini savunmay\u0131 reddetmi\u015f olmas\u0131ndan dolay\u0131 kendi [&hellip;]<a href='https:\/\/pgbsosyalizm.org\/?p=1915' class='pfpReadMore'>Okumaya devam et \u2192<\/a><div class='clear'><\/div><hr><\/div><div class='pfpItem entry-content'><h2 class='entry-title'><a href='https:\/\/pgbsosyalizm.org\/?p=1911'>Fransa\u2019daki milletvekili se\u00e7imlerinin anlam\u0131:<\/a><\/h2><img decoding=\"async\" src=\"https:\/\/pgbsosyalizm.org\/yenicms\/wp-content\/uploads\/2017\/07\/oy-y\u00fczdeleri-140x150.jpg\" \/>[Ba\u011f\u0131ms\u0131z Demokratik \u0130\u015f\u00e7i Partisi\u2019nin (POID) se\u00e7imlerin ilk turunun ard\u0131ndan yapt\u0131\u011f\u0131 a\u00e7\u0131klamad\u0131r. Paris,\u00a012 Haziran 2017]\u00a0 \u00c7o\u011funluk s\u00f6z\u00fcn\u00fc s\u00f6yledi 11 Haziran\u2019da \u00e7o\u011funluk s\u00f6z\u00fcn\u00fc s\u00f6yledi. Se\u00e7menlerin \u00e7o\u011funlu\u011funun be\u015finci Cumhuriyet\u2019in t\u00fcm tarihindeki en y\u00fcksek oranla sand\u0131\u011fa gitmeme tavr\u0131 ile (y\u00fczde 51\u2019in \u00fczerinde) halk h\u00fck\u00fcmetin me\u015fruiyetini reddetti\u011fini g\u00f6stermi\u015ftir. Be\u015finci Cumhuriyet rejiminde Ulusal Meclis ne i\u015fe yaramaktad\u0131r? T\u00fcm yetkiyi kendi elinde [&hellip;]<a href='https:\/\/pgbsosyalizm.org\/?p=1911' class='pfpReadMore'>Okumaya devam et \u2192<\/a><div class='clear'><\/div><hr><\/div><div class='pfpItem entry-content'><h2 class='entry-title'><a href='https:\/\/pgbsosyalizm.org\/?p=1898'>Elbette ADALET!<\/a><\/h2><img loading=\"lazy\" decoding=\"async\" class=\"size-medium wp-image-3633 alignright\" src=\"https:\/\/iscikardesligi.org\/wp-content\/uploads\/2017\/07\/adalet-yuruyusu-3-300x200.jpg\" sizes=\"auto, (max-width: 300px) 100vw, 300px\" srcset=\"https:\/\/iscikardesligi.org\/wp-content\/uploads\/2017\/07\/adalet-yuruyusu-3-300x200.jpg 300w, https:\/\/iscikardesligi.org\/wp-content\/uploads\/2017\/07\/adalet-yuruyusu-3-768x512.jpg 768w, https:\/\/iscikardesligi.org\/wp-content\/uploads\/2017\/07\/adalet-yuruyusu-3-342x228.jpg 342w, https:\/\/iscikardesligi.org\/wp-content\/uploads\/2017\/07\/adalet-yuruyusu-3.jpg 900w\" alt=\"\" width=\"300\" height=\"200\" \/>Sonuna kadar ADALET! Ama bu \u00e7ok hakl\u0131 talep mant\u0131ki sonucuna varmal\u0131 CHP\u2019nin ba\u015flatt\u0131\u011f\u0131 \u201cAdalet\u201d y\u00fcr\u00fcy\u00fc\u015f\u00fc \u00e7ok hakl\u0131 ve sonuna kadar desteklenmeli. \u201cAma \u015fu destekliyormu\u015f, bu destekliyormu\u015f\u201d tart\u0131\u015fmas\u0131n\u0131n hi\u00e7bir \u00f6nemi olmad\u0131\u011f\u0131 gibi, \u201c\u015fu desteklemiyormu\u015f, bu desteklemiyormu\u015f\u201dun da bir \u00f6nemi yok.\u00a02013 Haziran \u0130syan\u0131\u2019ndan bu yana \u00f6nemli de olsa birka\u00e7 istisnai i\u015f\u00e7i s\u0131n\u0131f\u0131 hareketi (metal ve cam i\u015f\u00e7ilerinin [&hellip;]<a href='https:\/\/pgbsosyalizm.org\/?p=1898' class='pfpReadMore'>Okumaya devam et \u2192<\/a><div class='clear'><\/div><hr><\/div><div class='pfpItem entry-content'><h2 class='entry-title'><a href='https:\/\/pgbsosyalizm.org\/?p=1885'>Kurucu Meclis talebinde neden \u0131srar edilmeli? Bu talep ne anlama geliyor?<\/a><\/h2><img loading=\"lazy\" decoding=\"async\" class=\"alignnone size-large wp-image-1754\" src=\"https:\/\/pgbsosyalizm.org\/yenicms\/wp-content\/uploads\/2016\/11\/1may\u0131s2016-ikp-1024x768.jpg\" alt=\"\" width=\"1024\" height=\"768\" srcset=\"https:\/\/pgbsosyalizm.org\/yenicms\/wp-content\/uploads\/2016\/11\/1may\u0131s2016-ikp-1024x768.jpg 1024w, https:\/\/pgbsosyalizm.org\/yenicms\/wp-content\/uploads\/2016\/11\/1may\u0131s2016-ikp-150x113.jpg 150w, https:\/\/pgbsosyalizm.org\/yenicms\/wp-content\/uploads\/2016\/11\/1may\u0131s2016-ikp-300x225.jpg 300w, https:\/\/pgbsosyalizm.org\/yenicms\/wp-content\/uploads\/2016\/11\/1may\u0131s2016-ikp-768x576.jpg 768w, https:\/\/pgbsosyalizm.org\/yenicms\/wp-content\/uploads\/2016\/11\/1may\u0131s2016-ikp-1140x855.jpg 1140w, https:\/\/pgbsosyalizm.org\/yenicms\/wp-content\/uploads\/2016\/11\/1may\u0131s2016-ikp.jpg 1280w\" sizes=\"auto, (max-width: 1024px) 100vw, 1024px\" \/>&#8212; \u015eadi Ozans\u00fc T\u00fcrkiye bir plebisit ya\u015fad\u0131 ve sonu\u00e7 ortada. \u00dclkenin bir\u00e7ok ilinde, il\u00e7esinde, k\u00f6y\u00fcnde ve beldesinde silahl\u0131 e\u015fk\u0131yan\u0131n kontrol\u00fcnde bir plebisitti bu. &#8220;Hay\u0131r&#8221; oylar\u0131n\u0131n y\u00fczde 90&#8217;lar\u0131 a\u015ft\u0131\u011f\u0131 baz\u0131 kent merkezlerinde bile \u015fehir e\u015fk\u0131yas\u0131 ile k\u00f6y korucular\u0131n\u0131n cirit att\u0131\u011f\u0131 bir s\u00f6zde &#8220;halk oylamas\u0131&#8221;. Bu durumda var\u0131n Erzurum&#8217;da, Konya&#8217;da, Bing\u00f6l&#8217;de ve benzeri yerlerde oylar\u0131n nas\u0131l kullan\u0131ld\u0131\u011f\u0131n\u0131 [&hellip;]<a href='https:\/\/pgbsosyalizm.org\/?p=1885' class='pfpReadMore'>Okumaya devam et \u2192<\/a><div class='clear'><\/div><hr><\/div><div class='pfpItem entry-content'><h2 class='entry-title'><a href='https:\/\/pgbsosyalizm.org\/?p=1891'>Macron Gayrime\u015frudur!<\/a><\/h2><img decoding=\"async\" src=\"https:\/\/pgbsosyalizm.org\/yenicms\/wp-content\/uploads\/2017\/05\/po-large-seul-couleur-150x39.jpg\" \/>Buna ra\u011fmen V. Cumhuriyet kurumlar\u0131 ona Sosyal G\u00fcvenli\u011fi ve \u00c7al\u0131\u015fma Yasas\u0131ndan geri kalanlar\u0131 y\u0131kmak i\u00e7in her t\u00fcrl\u00fc yetkiyi veriyor. Bunu nas\u0131l engelleyebiliriz? Tabii ki i\u015f\u00e7i s\u0131n\u0131f\u0131n\u0131n birli\u011fiyle! Macron 7 May\u0131sta se\u00e7ildi ama olgular onun son derece zay\u0131f bir az\u0131nl\u0131\u011f\u0131 temsil etti\u011fini g\u00f6steriyor. Kan\u0131t\u0131: \u25aa Kay\u0131tl\u0131 se\u00e7menlerin y\u00fczde 26\u2019s\u0131 oy kullanmam\u0131\u015fken; \u25aa Kay\u0131tl\u0131 se\u00e7menlerin y\u00fczde 9\u2019u [&hellip;]<a href='https:\/\/pgbsosyalizm.org\/?p=1891' class='pfpReadMore'>Okumaya devam et \u2192<\/a><div class='clear'><\/div><hr><\/div><div class='pfpItem entry-content'><h2 class='entry-title'><a href='https:\/\/pgbsosyalizm.org\/?p=1875'>Mevcut durumda \u0130KP ne \u00f6neriyor?<\/a><\/h2>&nbsp; 16 Nisan referandumu ya da daha do\u011fru ifadeyle plebisiti (bask\u0131 rejimlerinin referandum gibi halk\u0131n g\u00f6r\u00fc\u015f\u00fcne dan\u0131\u015fmas\u0131 de\u011fil, halka kendi niyetini dayatmas\u0131 demektir) \u015faibeli de\u011fildir. Onun da \u00f6tesinde 12 Eyl\u00fcl 1980 rejimine, onun a\u00e7t\u0131\u011f\u0131 yolu kullanarak rahmet okutacak bir kar\u015f\u0131-devrim giri\u015fimidir. Bu giri\u015fim e\u011fer muhalif kesim \u00f6nderlikleri taraf\u0131ndan &#8211; ki bunlar a\u011f\u0131rl\u0131kl\u0131 olarak burjuva\/k\u00fc\u00e7\u00fck burjuva [&hellip;]<a href='https:\/\/pgbsosyalizm.org\/?p=1875' class='pfpReadMore'>Okumaya devam et \u2192<\/a><div class='clear'><\/div><hr><\/div><div class='pfpItem entry-content'><h2 class='entry-title'><a href='https:\/\/pgbsosyalizm.org\/?p=1867'>Halk Cumhuriyeti Savunuyor, Ya Liderlikleri?<\/a><\/h2>&nbsp; &#8212; \u015eadi Ozans\u00fc D\u00dcNYANIN EN TUHAF MAHL\u00dbKU Akrep gibisin karde\u015fim, korkak bir karanl\u0131k i\u00e7indesin akrep gibi. Ser\u00e7e gibisin karde\u015fim, ser\u00e7enin tela\u015f\u0131 i\u00e7indesin. Midye gibisin karde\u015fim, midye gibi kapal\u0131, rahat. Ve s\u00f6nm\u00fc\u015f bir yanarda\u011f a\u011fz\u0131 gibi korkun\u00e7sun, karde\u015fim. Bir de\u011fil, be\u015f de\u011fil, y\u00fcz milyonlarlas\u0131n maalesef. Koyun gibisin karde\u015fim, gocuklu celep kald\u0131r\u0131nca sopas\u0131n\u0131 s\u00fcr\u00fcye kat\u0131l\u0131verirsin hemen [&hellip;]<a href='https:\/\/pgbsosyalizm.org\/?p=1867' class='pfpReadMore'>Okumaya devam et \u2192<\/a><div class='clear'><\/div><hr><\/div><div class='pfpItem entry-content'><h2 class='entry-title'><a href='https:\/\/pgbsosyalizm.org\/?p=1844'>MARUT\u0130 SUZUK\u0130 \u0130\u015e\u00c7\u0130LER\u0130 SEND\u0130KASINDAN \u00c7A\u011eRI:<\/a><\/h2><img decoding=\"async\" src=\"https:\/\/pgbsosyalizm.org\/yenicms\/wp-content\/uploads\/2017\/04\/2011-150x100.jpg\" \/>13 \u0130\u015f\u00e7i arkada\u015f\u0131m\u0131za \u00d6M\u00dcR BOYU HAP\u0130S cezas\u0131 verildi 13 Maruti Sendikas\u0131 \u00fcyesine sendika kurmak ve ta\u015feron sistemini kald\u0131rmak i\u00e7in verdikleri m\u00fccadeleden dolay\u0131 \u00d6M\u00dcR BOYU HAP\u0130S cezas\u0131 verildi Maruti \u0130\u015f\u00e7ilerine \u00d6zg\u00fcrl\u00fck! 18 Mart g\u00fcn\u00fc \u00f6\u011fleden sonra Gurgaon Mahkemesi\u2019nde on \u00fc\u00e7 karde\u015fimize temelsiz bir cinayet su\u00e7lamas\u0131 ile \u00f6m\u00fcr boyu hapis cezalar\u0131 verildi \u2013 bunlar\u0131n aras\u0131ndan 12\u2019si Maruti [&hellip;]<a href='https:\/\/pgbsosyalizm.org\/?p=1844' class='pfpReadMore'>Okumaya devam et \u2192<\/a><div class='clear'><\/div><hr><\/div><div class='pfpItem entry-content'><h2 class='entry-title'><a href='https:\/\/pgbsosyalizm.org\/?p=1837'>Ukrayna: IV. Enternasyonal Militan\u0131na 5 Soru<\/a><\/h2>Rabochie Izvestiya 1, 50. say\u0131 (\u015eubat 2015) \u201cMinsk Anla\u015fmalar\u0131n\u0131\u201d nas\u0131l yorumlamal\u0131y\u0131z? E\u011fer bu anla\u015fmalar ger\u00e7ekten bar\u0131\u015f getirseydi o zaman Ukrayna, Rusya, Belarus halklar\u0131 ve di\u011fer halklar taraf\u0131ndan memnuniyetle kar\u015f\u0131lanabilirlerdi. B\u00f6lge halklar\u0131, b\u00fct\u00fcn d\u00fcnyan\u0131n halklar\u0131 gibi sava\u015f istemiyor. Y\u0131llard\u0131r Ortado\u011fu\u2019nun, Asya\u2019n\u0131n ve Afrika\u2019n\u0131n b\u00fct\u00fcn b\u00f6lgelerini harap eden sava\u015f\u0131n Avrupa k\u0131tas\u0131n\u0131n do\u011fusunda h\u00fck\u00fcm s\u00fcrmesinden kayg\u0131 duyuyorlar. Ukrayna\u2019da [&hellip;]<a href='https:\/\/pgbsosyalizm.org\/?p=1837' class='pfpReadMore'>Okumaya devam et \u2192<\/a><div class='clear'><\/div><hr><\/div><div class='pfpItem entry-content'><h2 class='entry-title'><a href='https:\/\/pgbsosyalizm.org\/?p=1832'>Ukrayna: \u015eok H\u00fck\u00fcmet, \u201c\u015eok Tedavi\u201d ve S\u0131n\u0131f M\u00fccadelesi<\/a><\/h2>&#8212; Rabochie Izvestiya 1, 49. say\u0131 (Ocak 2015) Cezayir TV3 kanal\u0131ndan Cezayirli gazeteci Linda Ababsa\u2019n\u0131n 1 Aral\u0131k 2014\u2019te yeni Ukrayna h\u00fck\u00fcmetinin kurulu\u015fuyla ilgili olarak hakl\u0131 bi\u00e7imde i\u015faret etti\u011fi 2 gibi \u201cFinans Bakan\u0131 Ann Jaresko; Chicago do\u011fumlu bir Amerikal\u0131. Amerika Birle\u015fik Devletleri D\u0131\u015fi\u015fleri Bakanl\u0131\u011f\u0131\u2019nda \u00e7e\u015fitli g\u00f6revlerde bulunmu\u015ftu. Ve Ukrayna\u2019daki son g\u00f6revi ABD B\u00fcy\u00fckel\u00e7ili\u011fi\u2019nde Finans Birim Ba\u015fkanl\u0131\u011f\u0131yd\u0131. [&hellip;]<a href='https:\/\/pgbsosyalizm.org\/?p=1832' class='pfpReadMore'>Okumaya devam et \u2192<\/a><div class='clear'><\/div><hr><\/div><div class='pfpItem entry-content'><h2 class='entry-title'><a href='https:\/\/pgbsosyalizm.org\/?p=1824'>Referandumda \u201cHAYIR\u201d! Ya sonra?<\/a><\/h2>Se\u00e7eneksiz de\u011filiz! Alaturka fa\u015fizme ge\u00e7i\u015fi durdurmak i\u00e7in \u201cHAYIR\u201d\u0131n kazanmas\u0131 sonras\u0131nda net bir \u00f6nerimiz olmal\u0131: Laik bir Cumhuriyet i\u00e7in \u201cHAYIR\u201d\u0131, Egemen bir \u201cKurucu Meclise EVET\u201de \u00c7evirmek\u00a0 Alaturka fa\u015fizme ge\u00e7i\u015fin yolunu kesmek i\u00e7in Erdo\u011fan-Bah\u00e7eli ikilisinin d\u00fczenletti\u011fi referandumda \u00f6ncelikle \u201cHAYIR\u201d oyu kullanmak bir zorunluluk.\u00a0 Ge\u00e7i\u015fi \u00f6nlemek i\u00e7in yeterli mi? Kesinlikle de\u011fil, ama \u015fu evrede at\u0131lmas\u0131 gereken ilk ad\u0131m [&hellip;]<a href='https:\/\/pgbsosyalizm.org\/?p=1824' class='pfpReadMore'>Okumaya devam et \u2192<\/a><div class='clear'><\/div><hr><\/div><div class='pfpItem entry-content'><h2 class='entry-title'><a href='https:\/\/pgbsosyalizm.org\/?p=1821'>Afganistan Sol Radikalleri'nden (LRA) destek \u00e7a\u011fr\u0131s\u0131:<\/a><\/h2>Afganistan\u2019da bir k\u00f6m\u00fcr madeninde \u00e7al\u0131\u015fan 13 i\u015f\u00e7i \u00f6ld\u00fcr\u00fcld\u00fc 6 Ocak 2017\u2019de, Afganistan\u2019\u0131n Baghlan b\u00f6lgesindeki bir k\u00f6m\u00fcr madeninde \u00e7al\u0131\u015fan 13 i\u015f\u00e7i evlerine d\u00f6nerken I\u015e\u0130D veya Taliban taraf\u0131ndan \u00f6ld\u00fcr\u00fcld\u00fc. \u0130\u015f\u00e7ilerin herhangi bir siyasi grup veya h\u00fck\u00fcmetle ba\u011flant\u0131s\u0131 yoktu. \u0130\u015f\u00e7iler, h\u00fck\u00fcmet yahut yabanc\u0131 askerlerin kontrol\u00fcndeki b\u00f6lgelerde \u00e7al\u0131\u015ft\u0131klar\u0131 gerek\u00e7esiyle I\u015e\u0130D ve Taliban taraf\u0131ndan ilk kez hedef al\u0131nm\u0131yorlar. Baz\u0131 durumlarda [&hellip;]<a href='https:\/\/pgbsosyalizm.org\/?p=1821' class='pfpReadMore'>Okumaya devam et \u2192<\/a><div class='clear'><\/div><hr><\/div><div class='pfpItem entry-content'><h2 class='entry-title'><a href='https:\/\/pgbsosyalizm.org\/?p=1817'>Kurucu Meclis i\u00e7in, i\u015f\u00e7i h\u00fck\u00fcmeti m\u00fccadelesi yolunda bir s\u0131n\u0131f partisi i\u00e7in,<\/a><\/h2>D\u00f6rd\u00fcnc\u00fc Enternasyonal\u2019in Yeniden Olu\u015fumu i\u00e7in \u00d6rg\u00fctlenme Komitesi\u2019nin (OCRFI) Fransa seksiyonu liderli\u011fi, 22-23 Ekim 2016 tarihlerinde Uluslararas\u0131 Kom\u00fcnist E\u011filim ile bir araya geldi. D\u00f6rd\u00fcnc\u00fc Enternasyonal\u2019e kat\u0131lma niyetiyle ger\u00e7ekle\u015fen toplant\u0131da de\u011ferlendirmelerimiz siyasi durum ve g\u00f6revlerimize odakland\u0131 ve kabul edilen karar metninde Be\u015finci Cumhuriyet\u2019in krizi ele al\u0131nd\u0131: \u201cBonapartist rejim, her \u015feyden \u00f6nce devlet ba\u015fkan\u0131n\u0131n toplumsal s\u0131n\u0131flar, siyasi olu\u015fumlar [&hellip;]<a href='https:\/\/pgbsosyalizm.org\/?p=1817' class='pfpReadMore'>Okumaya devam et \u2192<\/a><div class='clear'><\/div><hr><\/div><div class='pfpItem entry-content'><h2 class='entry-title'><a href='https:\/\/pgbsosyalizm.org\/?p=1807'>Mumbay D\u00fcnya Konferans\u0131 T\u00fcrkiye Delegasyonu Konu\u015fmalar\u0131-2<\/a><\/h2><img decoding=\"async\" src=\"https:\/\/pgbsosyalizm.org\/yenicms\/wp-content\/uploads\/2016\/12\/IMG-20161121-WA0009-150x113.jpg\" \/>Tar\u0131k \u015eafak: &#8220;Bizim hedefimiz emperyalizmden kopu\u015f ve i\u015f\u00e7ilerin, yoksul k\u00f6yl\u00fclerin ve b\u00fct\u00fcn ezilenlerin h\u00fck\u00fcmetini kurmaya \u00e7al\u0131\u015fmakt\u0131r.&#8221; Karde\u015flerim, Sizleri T\u00fcrkiye&#8217;den selaml\u0131yorum. \u00dcyesi oldu\u011fum \u0130\u015f\u00e7i Karde\u015fli\u011fi Partisi ad\u0131na selaml\u0131yorum. Partimiz bug\u00fcne kadar kendi i\u00e7inden ve d\u0131\u015f\u0131ndan bir\u00e7ok darbe yiyerek bug\u00fcnlere geldi. Ama bug\u00fcn yeniden aya\u011fa kalkman\u0131n e\u015fi\u011finde. Buna mecbur \u00e7\u00fcnk\u00fc T\u00fcrkiye&#8217;de i\u015f\u00e7i s\u0131n\u0131f\u0131n\u0131n ba\u011f\u0131ms\u0131z sesi olabilecek bir [&hellip;]<a href='https:\/\/pgbsosyalizm.org\/?p=1807' class='pfpReadMore'>Okumaya devam et \u2192<\/a><div class='clear'><\/div><hr><\/div><div class='pfpItem entry-content'><h2 class='entry-title'><a href='https:\/\/pgbsosyalizm.org\/?p=1803'>Mumbay D\u00fcnya Konferans\u0131 T\u00fcrkiye Delegasyonu Konu\u015fmalar\u0131-1<\/a><\/h2><img decoding=\"async\" src=\"https:\/\/pgbsosyalizm.org\/yenicms\/wp-content\/uploads\/2016\/12\/14563529_10154127341485975_8334445125825291459_n-150x84.jpg\" \/>Cemal Bilgin: \u201c\u2026sadece kendi \u00fclkelerimizde de\u011fil d\u00fcnya \u00e7ap\u0131nda birlik olmak zorunday\u0131z. Buradan bu y\u00f6nde kararlar \u00e7\u0131kartmak zorunday\u0131z. Her \u00fclkede patronlardan, onlar\u0131n h\u00fck\u00fcmetlerinden ve devletlerinden ba\u011f\u0131ms\u0131z i\u015f\u00e7i sendikalar\u0131 ve kitlesel i\u015f\u00e7i partileri in\u015fa etmek zorunday\u0131z.\u201d Sevgili karde\u015flerim, Ben Cemal Bilgin. 36 ya\u015f\u0131nday\u0131m. T\u00fcrkiye\u2019den geliyorum. 15 y\u0131ll\u0131k hasta bak\u0131c\u0131y\u0131m ve bu ay Ola\u011fan\u00fcst\u00fc Hal bahane edilerek i\u015ften [&hellip;]<a href='https:\/\/pgbsosyalizm.org\/?p=1803' class='pfpReadMore'>Okumaya devam et \u2192<\/a><div class='clear'><\/div><hr><\/div><div class='pfpItem entry-content'><h2 class='entry-title'><a href='https:\/\/pgbsosyalizm.org\/?p=1799'>Mumbay D\u00fcnya Konferans\u0131 Sonu\u00e7 Bildirgesi<\/a><\/h2>Sava\u015fa, S\u00f6m\u00fcr\u00fcye ve G\u00fcvencesiz \u00c7al\u0131\u015ft\u0131rmaya Kar\u015f\u0131 D\u00fcnya Konferans\u0131 (Mumbay-Hindistan, 18-20 Kas\u0131m 2016) delegelerinin Mumbay Manifestosu\u2019nu yayg\u0131n bi\u00e7imde imzalamalar\u0131 ve bu \u015fekilde Sava\u015fa ve S\u00f6m\u00fcr\u00fcye Kar\u015f\u0131 Uluslararas\u0131 \u0130\u015f\u00e7i Komitesi\u2019ni kurmalar\u0131n\u0131n ard\u0131ndan a\u015fa\u011f\u0131daki Sonu\u00e7 Bildirgesi konferans Ba\u015fkanl\u0131k Divan\u0131 ad\u0131na delegelere sunulmu\u015ftur: Mumbay D\u00fcnya Konferans\u0131&#8217;nda delegeler s\u00f6z alarak t\u00fcm d\u00fcnyadan i\u015f\u00e7ilerin ve i\u015f\u00e7i \u00f6rg\u00fctlerinin deste\u011fini talep eden farkl\u0131 [&hellip;]<a href='https:\/\/pgbsosyalizm.org\/?p=1799' class='pfpReadMore'>Okumaya devam et \u2192<\/a><div class='clear'><\/div><hr><\/div><div class='pfpItem entry-content'><h2 class='entry-title'><a href='https:\/\/pgbsosyalizm.org\/?p=1776'>Sava\u015fa, S\u00f6m\u00fcr\u00fcye ve G\u00fcvencesiz \u00c7al\u0131\u015ft\u0131rmaya kar\u015f\u0131 Mumbay D\u00fcnya Konferans\u0131 Manifestosu ve \u0130lk \u0130mzac\u0131lar Listesi<\/a><\/h2><img decoding=\"async\" src=\"https:\/\/pgbsosyalizm.org\/yenicms\/wp-content\/uploads\/2016\/12\/mumbai-imza-107x150.png\" \/>Sava\u015fa, S\u00f6m\u00fcr\u00fcye ve G\u00fcvencesiz \u00c7al\u0131\u015ft\u0131rmaya kar\u015f\u0131 D\u00fcnya Konferans\u0131 Mumbay-Hindistan (18-19-20 Kas\u0131m 2016) Bizler 28 \u00fclkeden [ABD, Afganistan, Almanya, Avusturya, Belarus, Bel\u00e7ika, Benin, Brezilya, \u00c7in, Fransa, G\u00fcney Afrika\/Azanya, Haiti, Hindistan, \u0130ngiltere, \u0130sve\u00e7, \u0130talya, Kore, Macaristan, Meksika, Morityus, Portekiz, Romanya, Rusya, \u015eili, Togo, T\u00fcrkiye, Ukrayna, Zimbabwe] 350 delege olarak farkl\u0131 geleneklerden gelen sendika militanlar\u0131 ve i\u015f\u00e7i s\u0131n\u0131f\u0131 [&hellip;]<a href='https:\/\/pgbsosyalizm.org\/?p=1776' class='pfpReadMore'>Okumaya devam et \u2192<\/a><div class='clear'><\/div><hr><\/div><div class='pfpItem entry-content'><h2 class='entry-title'><a href='https:\/\/pgbsosyalizm.org\/?p=1758'>ABD Ba\u015fkanl\u0131k se\u00e7imi \u00fczerine s\u0131n\u0131fsal bir bak\u0131\u015f<\/a><\/h2><img decoding=\"async\" src=\"https:\/\/pgbsosyalizm.org\/yenicms\/wp-content\/uploads\/2016\/11\/trump-and-clinton-150x93.jpg\" \/>&nbsp; &#8212;\u00a0IV. Enternasyonal&#8217;in Yeniden Olu\u015fumu i\u00e7in \u00d6rg\u00fctlenme Komitesi &#8211; OCRFI &nbsp; S\u00f6z konusu olan s\u0131n\u0131f m\u00fccadelesidir! Aradan bir hafta ge\u00e7ti. B\u00fct\u00fcn d\u00fcnyada ve her siyasi \u00e7evrede herkes Trump&#8217;\u0131n se\u00e7ilmesiyle ba\u011flant\u0131l\u0131 olarak ba\u015f g\u00f6steren &#8220;kriz&#8221;e ili\u015fkin g\u00f6r\u00fc\u015flerini ifade ediyor. Kendi ad\u0131m\u0131za, biz de, bu se\u00e7imi izleyen ilk saatlerde yay\u0131nlad\u0131\u011f\u0131m\u0131z bildiriyle konuya ili\u015fkin s\u0131n\u0131fsal bir bak\u0131\u015f a\u00e7\u0131s\u0131 [&hellip;]<a href='https:\/\/pgbsosyalizm.org\/?p=1758' class='pfpReadMore'>Okumaya devam et \u2192<\/a><div class='clear'><\/div><hr><\/div><div class='pfpItem entry-content'><h2 class='entry-title'><a href='https:\/\/pgbsosyalizm.org\/?p=1753'>T\u00fcrkiye i\u00e7in h\u00e2l\u00e2 \u00e7\u0131k\u0131\u015f yolu var: Egemen Kurucu Meclis!<\/a><\/h2><img decoding=\"async\" src=\"https:\/\/pgbsosyalizm.org\/yenicms\/wp-content\/uploads\/2016\/11\/1may\u0131s2016-ikp-150x113.jpg\" \/>&#8212; \u015eadi Ozans\u00fc Orta Do\u011fu&#8217;nun ve d\u00fcnyan\u0131n bir\u00e7ok \u00fclkesi gibi T\u00fcrkiye de felaketin e\u015fi\u011finde. 2002 y\u0131l\u0131nda Amerikan emperyalizminin bilin\u00e7li m\u00fcdahalesiyle Orta Do\u011fu&#8217;da &#8220;\u0131l\u0131ml\u0131 \u0130slam&#8221;\u0131n ba\u015f\u0131n\u0131 \u00e7ekmesi i\u00e7in kurdurulan Adalet ve Kalk\u0131nma Partisi&#8217;nin (AKP), mevcut y\u00f6netimi ve onun do\u011fal lideri Erdo\u011fan, 2016 y\u0131l\u0131n\u0131n Temmuz ay\u0131nda gene ABD emperyalizminin y\u00f6netiminin en az\u0131ndan bir fraksiyonunun -di\u011fer fraksiyonunu haberdar [&hellip;]<a href='https:\/\/pgbsosyalizm.org\/?p=1753' class='pfpReadMore'>Okumaya devam et \u2192<\/a><div class='clear'><\/div><hr><\/div><div class='pfpItem entry-content'><h2 class='entry-title'><a href='https:\/\/pgbsosyalizm.org\/?p=1747'>\u201cHer Yerde Oldu\u011fu gibi T\u00fcrkiye\u2019de de Sava\u015f, S\u00f6m\u00fcr\u00fc ve Ta\u015feron \u00c7al\u0131\u015ft\u0131rma Var\u201d<\/a><\/h2><img decoding=\"async\" src=\"https:\/\/pgbsosyalizm.org\/yenicms\/wp-content\/uploads\/2016\/11\/LTT-105x150.jpg\" \/>S\u00f6z Cemal Bilgin\u2019de 36 ya\u015f\u0131nda hasta bak\u0131c\u0131 Mumbai Konferans\u0131 delegesi &nbsp; [Sava\u015fa, S\u00f6m\u00fcr\u00fcye ve G\u00fcvencesiz \u00c7al\u0131\u015ft\u0131rmaya kar\u015f\u0131 Uluslararas\u0131 \u0130\u015f\u00e7i Konferans\u0131, 18-20 Kas\u0131m tarihleri aras\u0131nda Mumbai&#8217;de (Hindistan) ger\u00e7ekle\u015fiyor. T\u00fcrkiye delegasyonunda bulunan, \u0130stanbul \u00dcniversitesi \u00c7apa T\u0131p Fak\u00fcltesi&#8217;nde ta\u015feron i\u015f\u00e7i \u00f6rg\u00fctlenmesi faaliyetleri nedeniyle hedef olmu\u015f ve yak\u0131n zamanda i\u015ften at\u0131lm\u0131\u015f Cemal Bilgin&#8217;in bu r\u00f6portaj\u0131, Fransa&#8217;da La Tribune des [&hellip;]<a href='https:\/\/pgbsosyalizm.org\/?p=1747' class='pfpReadMore'>Okumaya devam et \u2192<\/a><div class='clear'><\/div><hr><\/div><div class='pfpItem entry-content'><h2 class='entry-title'><a href='https:\/\/pgbsosyalizm.org\/?p=1737'>Sava\u015fa, S\u00f6m\u00fcr\u00fcye ve G\u00fcvencesiz \u00c7al\u0131\u015fmaya kar\u015f\u0131 Mumbai\u2019de (Hindistan) yap\u0131lacak bir D\u00fcnya Konferans\u0131 i\u00e7in \u00e7a\u011fr\u0131<\/a><\/h2><img decoding=\"async\" src=\"https:\/\/pgbsosyalizm.org\/yenicms\/wp-content\/uploads\/2016\/11\/ALL-INDIA-GENERAL-STRIKE-2nd-SEPTEMBER-2016-150x101.jpg\" \/>&nbsp; Sevgili yolda\u015flar, Bu y\u0131l 2 Eyl\u00fcl\u2019de Hindistan\u2019da emek\u00e7i kitlelerin m\u00fccadele iradesini g\u00f6steren 150 milyon ki\u015finin &#8211; \u00f6rg\u00fctl\u00fc olunan sanayideki, \u00f6rg\u00fctl\u00fc olunmayan i\u015fkollar\u0131ndaki ve tar\u0131mdaki i\u015f\u00e7ilerin- kat\u0131ld\u0131\u011f\u0131 ba\u015fka bir genel greve tan\u0131kl\u0131k ettik. \u00a0 Bu grev 1991\u2019de ba\u015flayan, en d\u00fc\u015f\u00fck ayl\u0131k \u00fccretin 15.000 Rs (250 dolar) olmas\u0131, sa\u011fl\u0131k sigortas\u0131, emeklilik ve benzeri talepleri olan; s\u00f6zle\u015fmeli [&hellip;]<a href='https:\/\/pgbsosyalizm.org\/?p=1737' class='pfpReadMore'>Okumaya devam et \u2192<\/a><div class='clear'><\/div><hr><\/div><div class='pfpItem entry-content'><h2 class='entry-title'><a href='https:\/\/pgbsosyalizm.org\/?p=1731'>\u0130\u015fte KONTRGER\u0130LLA! Haydi m\u00fccadeleye!<\/a><\/h2>\u2014 \u015eadi Ozans\u00fc (\u0130KP Genel Ba\u015fkan\u0131) \u00a0 15 Temmuz: \u0130\u015fte T\u00fcrkiye\u2019nin devrimci hareketlerinin 12 Mart 1971\u2019den bu yana hakl\u0131 olarak l\u00e2netle and\u0131klar\u0131 ABD emperyalizminin eli kanl\u0131 istihbarat \u00f6rg\u00fct\u00fc CIA\u2019n\u0131n d\u00fcnyan\u0131n her \u00fclkesinde uzant\u0131s\u0131 olan Kontrgerilla \u00f6rg\u00fctlenmesinin T\u00fcrkiye seksiyonu a\u00e7\u0131\u011fa \u00e7\u0131kt\u0131! Ba\u015fka bir deyi\u015fle kendini de\u015fifre etti, yani \u00f6nemli bir b\u00f6l\u00fcm\u00fcyle art\u0131k legal oldu! Daha 12 [&hellip;]<a href='https:\/\/pgbsosyalizm.org\/?p=1731' class='pfpReadMore'>Okumaya devam et \u2192<\/a><div class='clear'><\/div><hr><\/div><div class='pfpItem entry-content'><h2 class='entry-title'><a href='https:\/\/pgbsosyalizm.org\/?p=1728'>SOKA\u011eA\u2026 SOKA\u011eA\u2026SOKA\u011eA\u2026<\/a><\/h2>24 TEMMUZ, PAZAR G\u00dcN\u00dc TAKS\u0130M\u2019DE ve SONRASINDA HER YERDE \u015eER\u0130AT\u00c7I AMER\u0130KANCI CEMAAT DARBES\u0130NE KAR\u015eI G\u00d6STER\u0130LERE! \u00a0 Art\u0131k ABD emperyalizmi taraf\u0131ndan desteklendi\u011fi a\u00e7\u0131k olan ve \u015feriat \u00f6zlemiyle hareket eden bir askeri darbe giri\u015fimi, C\u0130A kontrol\u00fcndeki Fethullah G\u00fclen cemaati taraf\u0131ndan hayata ge\u00e7irilmeye \u00e7al\u0131\u015f\u0131lm\u0131\u015f ve \u015fimdilik yenilgiye u\u011fram\u0131\u015ft\u0131r. Ancak \u015fu a\u00e7\u0131k bir ger\u00e7ektir ki, bug\u00fcn TSK Cemaat taraf\u0131ndan [&hellip;]<a href='https:\/\/pgbsosyalizm.org\/?p=1728' class='pfpReadMore'>Okumaya devam et \u2192<\/a><div class='clear'><\/div><hr><\/div><div class='pfpItem entry-content'><h2 class='entry-title'><a href='https:\/\/pgbsosyalizm.org\/?p=1724'>TEOKRAT\u0130K D\u0130KTAT\u00d6RL\u00dcK DARBES\u0130NE HAYIR!<\/a><\/h2>SOKA\u011eA, SINIFIN KEND\u0130 Y\u00d6NTEMLER\u0130YLE DARBEYE KAR\u015eI AKP\u2019DEN AYRI M\u00dcCADELES\u0130NE \u2014\u00a0\u015eadi Ozans\u00fc Cemaat \u00f6rg\u00fctlenmesi; 27 May\u0131s \u00fcr\u00fcn\u00fc 1961 Anayasas\u0131\u2019n\u0131n y\u00fcr\u00fcrl\u00fc\u011fe girdi\u011fi tarihten bu yana, onun topluma sundu\u011fu s\u0131n\u0131rl\u0131 da olsa b\u00fct\u00fcn kazan\u0131mlar\u0131 (d\u00fc\u015f\u00fcnce ve ifade \u00f6zg\u00fcrl\u00fc\u011f\u00fc, toplant\u0131 ve g\u00f6steri y\u00fcr\u00fcy\u00fc\u015fleri hakk\u0131, grev hakk\u0131, sendikala\u015fma hakk\u0131, toplu s\u00f6zle\u015fme hakk\u0131, din ve vicdan \u00f6zg\u00fcrl\u00fc\u011f\u00fc, vb.) ortadan kald\u0131rmak amac\u0131yla [&hellip;]<a href='https:\/\/pgbsosyalizm.org\/?p=1724' class='pfpReadMore'>Okumaya devam et \u2192<\/a><div class='clear'><\/div><hr><\/div><div class='pfpItem entry-content'><h2 class='entry-title'><a href='https:\/\/pgbsosyalizm.org\/?p=1722'>Brexit'in Britanya'da kazanmas\u0131na sevinmeyen Marksist niye Marksist?<\/a><\/h2>&#8212; \u015eadi Ozans\u00fc ABD emperyalizminin ba\u015f\u0131 Obama, referandum kampanyas\u0131nda Britanya h\u00fck\u00fcmetine destek vermek i\u00e7in Britanya&#8217;y\u0131 ziyaret etti. Avrupa&#8217;n\u0131n b\u00fct\u00fcn emperyalist \u00fclkelerinin h\u00fck\u00fcmetleri Britanya&#8217;n\u0131n AB&#8217;de kalmas\u0131 i\u00e7in canla ba\u015fla \u00e7al\u0131\u015ft\u0131lar. Taa uzaktan Japon h\u00fck\u00fcmeti bile Britanya&#8217;n\u0131n Avrupa&#8217;da kalmas\u0131 i\u00e7in yo\u011fun \u00e7aba harcad\u0131. NATO Genel Sekreteri, &#8220;Britanya mutlaka AB&#8217;de kalmal\u0131&#8221; dedi. Avrupa Merkez Bankas\u0131 Ba\u015fkan\u0131 &#8220;Britanya&#8217;n\u0131n AB&#8217;de [&hellip;]<a href='https:\/\/pgbsosyalizm.org\/?p=1722' class='pfpReadMore'>Okumaya devam et \u2192<\/a><div class='clear'><\/div><hr><\/div><div class='pfpItem entry-content'><h2 class='entry-title'><a href='https:\/\/pgbsosyalizm.org\/?p=1713'>Brexit zaferi, i\u015f\u00e7i s\u0131n\u0131f\u0131n\u0131n zaferi olur!<\/a><\/h2>23 Haziran per\u015fembe g\u00fcn\u00fc B\u00fcy\u00fck Britanya&#8217;da Brexit oylamas\u0131 yap\u0131l\u0131yor, yani Britanya&#8217;n\u0131n Avrupa Birli\u011fi&#8217;nde kal\u0131p kalmamas\u0131na ili\u015fkin oylama. Bu konuya bizde pek fazla ilgi g\u00f6sterilmiyor, ama d\u00fcnyada durum farkl\u0131. ABD Ba\u015fkan\u0131 Obama Britanya&#8217;ya s\u0131rf bu konuyla ilgili ziyaret yap\u0131yor, NATO Genel Sekreteri &#8220;Britanya&#8217;n\u0131n AB&#8217;de kalmas\u0131 \u015fart&#8221; diyor, T\u00fcrkiye&#8217;deki b\u00fct\u00fcn i\u015f\u00e7i sendikalar\u0131 konfederasyonlar\u0131n\u0131n ba\u011fl\u0131 oldu\u011fu ETUC y\u00f6neticileri [&hellip;]<a href='https:\/\/pgbsosyalizm.org\/?p=1713' class='pfpReadMore'>Okumaya devam et \u2192<\/a><div class='clear'><\/div><hr><\/div><div class='pfpItem entry-content'><h2 class='entry-title'><a href='https:\/\/pgbsosyalizm.org\/?p=1718'>Britanya'n\u0131n AB'den \u00e7\u0131k\u0131\u015f\u0131 i\u00e7in Enternasyonal Toplant\u0131<\/a><\/h2>Videoda yer alan konu\u015fmac\u0131lar: \u25aa HE\u0130NZ-WERNER SCHUSTER &#8211; Ver.di sendikac\u0131s\u0131, SPD D\u00fcsseldorf \u0130\u015f\u00e7i Komisyonu \u00fcyesi, Almanya \u25aa STEVE HEDLEY &#8211; Britanya Deniz ve Demiryolu \u0130\u015f\u00e7ileri Federasyonu (RMT) Genel Sekreter Yard\u0131mc\u0131s\u0131 \u25aa CLAUDE CHARMONT &#8211; 17 May\u0131s tarihinden bu yana FO ve CGT sendikalar\u0131 i\u015f\u00e7ilerinin birlik halinde grevde olduklar\u0131 RP rafinerisindeki B\u00fcy\u00fck Kuyular mevkiindeki Seine et [&hellip;]<a href='https:\/\/pgbsosyalizm.org\/?p=1718' class='pfpReadMore'>Okumaya devam et \u2192<\/a><div class='clear'><\/div><hr><\/div><div class='pfpItem entry-content'><h2 class='entry-title'><a href='https:\/\/pgbsosyalizm.org\/?p=1676'>Delirmi\u015f bunlar! K\u0131l\u0131\u00e7daro\u011flu bu ak\u0131llar\u0131 kimden al\u0131yorsun?<\/a><\/h2>&#8212; \u015eadi Ozans\u00fc &nbsp; Ortada y\u0131llard\u0131r kanayan bir yara olarak K\u00fcrt meselesi var. Kimse, \u201cbu K\u00fcrt meselesi de\u011fil PKK meselesidir\u201d demesin. Bu durum, devletin y\u0131llard\u0131r izledi\u011fi politikalar y\u00fcz\u00fcnden bu noktaya geldi. Evet, Tayyip Erdo\u011fan\u2019\u0131n son aylarda bilin\u00e7li olarak t\u0131rmand\u0131rd\u0131\u011f\u0131 operasyonlarla g\u00fcvenlik kuvvetleri 400 kadar kay\u0131p vermi\u015f, bu do\u011fru. Ama sava\u015f\u0131lan cenahtan da 4 binin \u00fczerinde [&hellip;]<a href='https:\/\/pgbsosyalizm.org\/?p=1676' class='pfpReadMore'>Okumaya devam et \u2192<\/a><div class='clear'><\/div><hr><\/div><div class='pfpItem entry-content'><h2 class='entry-title'><a href='https:\/\/pgbsosyalizm.org\/?p=1678'>Brezilya\u2019da neler oluyor? SON DAK\u0130KA! Kitleler son s\u00f6zlerini hen\u00fcz s\u00f6ylemediler!<\/a><\/h2>Dilma\u2019n\u0131n Senato karar\u0131yla g\u00f6revden al\u0131nd\u0131\u011f\u0131 tarihten bu yana neler oluyor? Uluslararas\u0131 Kom\u00fcnist Hareket\u2019ten bir militan\u0131n bize g\u00f6nderdi\u011fi notlar: (\u2026) \u201cKarar\u0131n hemen ard\u0131ndan, \u00fclkenin her yerinde hen\u00fcz hi\u00e7bir \u00f6rg\u00fct\u00fcn \u00e7a\u011fr\u0131s\u0131 olmadan kendili\u011finden kitle g\u00f6sterileri patlak verdi: Sao Paulo\u2019da 30 bin, Rio\u2019da 15 bin, Porto Alegre\u2019de 10 bin ki\u015fi\u2026 1964 askeri darbesinin u\u011fursuz an\u0131s\u0131n\u0131 canland\u0131r\u0131r tarzda sil\u00e2hl\u0131 [&hellip;]<a href='https:\/\/pgbsosyalizm.org\/?p=1678' class='pfpReadMore'>Okumaya devam et \u2192<\/a><div class='clear'><\/div><hr><\/div><div class='pfpItem entry-content'><h2 class='entry-title'><a href='https:\/\/pgbsosyalizm.org\/?p=1680'>Brezilya\u2019da Amerikan Mal\u0131 Darbe<\/a><\/h2><img decoding=\"async\" src=\"https:\/\/pgbsosyalizm.org\/yenicms\/wp-content\/uploads\/2016\/05\/alan-benjamin-111x150.jpg\" \/>&#8212; Alan Benjamin &nbsp; Obama Y\u00f6netimi, Venezuella\u2019da Maduro H\u00fck\u00fcmetinin devrilmesini desteklemek i\u00e7in Amerikan Devletleri \u00d6rg\u00fct\u00fc\u2019n\u00fcn (OAS &#8211; Organization of Amerikan States)\u00a0 \u015eart\u0131&#8217;na ba\u015fvuruyor \u00a0 Washington\u2019da OAS Daimi Konseyi\u2019nin 18 May\u0131s toplant\u0131s\u0131nda konu\u015fan ABD\u2019nin OAS B\u00fcy\u00fckel\u00e7isi Michael Fitzpatrick ilk defa a\u00e7\u0131k\u00e7a Obama y\u00f6netiminin Brezilya\u2019da Ba\u015fkan Dilma Rousseff\u2019e kar\u015f\u0131 geli\u015fen darbe ile ilgili duru\u015funu ortaya koydu. Fitzpatric [&hellip;]<a href='https:\/\/pgbsosyalizm.org\/?p=1680' class='pfpReadMore'>Okumaya devam et \u2192<\/a><div class='clear'><\/div><hr><\/div><div class='pfpItem entry-content'><h2 class='entry-title'><a href='https:\/\/pgbsosyalizm.org\/?p=1685'>Obama Avrupa Birli\u011fi'ni savunmak i\u00e7in en \u00f6nsafta<\/a><\/h2>[Fransa Ba\u011f\u0131ms\u0131z Demokratik \u0130\u015f\u00e7i Partisi&#8217;nin (POID) haftal\u0131k yay\u0131nlanan Workers&#8217; Tribune (\u0130\u015f\u00e7i K\u00fcrs\u00fcs\u00fc) gazetesinin 36. say\u0131s\u0131 &#8211; Uluslararas\u0131 G\u00fcnl\u00fck] &#8212; Fran\u00e7ois Forgue ABD ba\u015fkan\u0131 Barack Obama 22 Nisan\u2019da Londra\u2019ya vard\u0131. Derhal, diplomatik gelene\u011fi\u00a0de \u00e7i\u011fneyerek ve hatta bas\u0131n\u0131n fikrini sormas\u0131n\u0131 bile beklemeden, \u0130ngiliz\u00a0se\u00e7menlere 23 Haziran&#8217;daki referandumda sorulacak olan \u201c\u0130ngiltere AB\u2019de kals\u0131n m\u0131, ayr\u0131ls\u0131n m\u0131?\u201d sorusuna vermeleri gereken [&hellip;]<a href='https:\/\/pgbsosyalizm.org\/?p=1685' class='pfpReadMore'>Okumaya devam et \u2192<\/a><div class='clear'><\/div><hr><\/div><div class='pfpItem entry-content'><h2 class='entry-title'><a href='https:\/\/pgbsosyalizm.org\/?p=1673'>\" 'Amerikan mal\u0131' al\u0131n!\"<\/a><\/h2>[Fransa Ba\u011f\u0131ms\u0131z Demokratik \u00a0\u0130\u015f\u00e7i Partisi&#8217;nin (POID) haftal\u0131k yay\u0131nlanan\u00a0Workers&#8217; Tribune (\u0130\u015f\u00e7i K\u00fcrs\u00fcs\u00fc) gazetesinin, 36. say\u0131s\u0131n\u0131n ba\u015fyaz\u0131s\u0131] &#8212; Daniel Gluckstein &#8220;Yeniden d\u00fczenlenmi\u015f bir Avrupa Birli\u011fi\u2019ne \u00fcyeli\u011fin kendisi i\u00e7in elzem oldu\u011fu&#8221; Londra City 1\u00a0ve &#8220;Birle\u015fik Krall\u0131k\u2019\u0131n Avrupa Birli\u011fi projesine kat\u0131l\u0131m\u0131n\u0131n devam etmesinin gerekli oldu\u011funu&#8221; deklare eden MEDEF\u2019ten 2 sonra, s\u0131ra Obama\u2019da. Avrupa\u2019ya resmi ziyareti s\u0131ras\u0131nda\u00a0ABD Ba\u015fkan\u0131, halk\u0131 Bretix\u2019i [&hellip;]<a href='https:\/\/pgbsosyalizm.org\/?p=1673' class='pfpReadMore'>Okumaya devam et \u2192<\/a><div class='clear'><\/div><hr><\/div><div class='pfpItem entry-content'><h2 class='entry-title'><a href='https:\/\/pgbsosyalizm.org\/?p=1640'>Mevcut Anayasay\u0131 y\u0131kmak alaturka fa\u015fizmin yolunu a\u00e7makt\u0131r!<\/a><\/h2>&#8212; \u015eadi Ozans\u00fc Kenan Evren\u2019in 1982\u2019de yapmak isteyip de yapmad\u0131\u011f\u0131n\u0131 \u015fimdi Tayyip Erdo\u011fan yapmak istiyor. Dikkat ederseniz, Ba\u015fkanl\u0131k d\u00fczenlemesiyle ilgili olarak, \u201ckendim i\u00e7in istiyorsam namerdim\u201d demeye getiriyor. Az da olsa do\u011fruluk pay\u0131 var: Evet \u00f6nce tabii ki kendi mutlak iktidar\u0131n\u0131 istiyor, ama ard\u0131ndan da, \u201c\u00f6yle bir d\u00fczenleme yapal\u0131m ki, benden sonra, iktidar partisi b\u00f6l\u00fcnse de [&hellip;]<a href='https:\/\/pgbsosyalizm.org\/?p=1640' class='pfpReadMore'>Okumaya devam et \u2192<\/a><div class='clear'><\/div><hr><\/div><div class='pfpItem entry-content'><h2 class='entry-title'><a href='https:\/\/pgbsosyalizm.org\/?p=1644'>Brezilya\u2019da geli\u015fmekte olan darbeye kar\u015f\u0131; demokrasi ve i\u015f\u00e7i haklar\u0131na destek \u00f6nergesi<\/a><\/h2><img decoding=\"async\" src=\"https:\/\/pgbsosyalizm.org\/yenicms\/wp-content\/uploads\/2016\/05\/AFL-CIO-onerge-s.1-115x150.png\" \/>A\u015fa\u011f\u0131daki \u00f6nerge, San Francisco \u0130\u015f\u00e7i Konseyi (AFL-CIO) \u0130cra\u00a0Komitesi taraf\u0131ndan 2 May\u0131s\u2019ta kabul edilmi\u015ftir. G\u00f6rece\u011finiz \u00fczere, \u00f6nerge Konsey\u2019in Brezilya\u2019da geli\u015fmekte olan darbeye g\u00fc\u00e7l\u00fc muhalefetini onaylamakta; di\u011fer sendikalar\u0131 ve i\u015f\u00e7i\u00a0\u00f6rg\u00fctlerini benzer bir duru\u015f almaya ve sendikalar\u0131, ABD i\u015f\u00e7i hareketinin darbeye olan muhalefetini ve bu \u00fclkedeki i\u015f\u00e7i haklar\u0131 ve demokrasi i\u00e7in kararl\u0131 deste\u011fini g\u00f6stermesi i\u00e7in i\u015f\u00e7i delegasyonlar\u0131 \u00f6rg\u00fctlemeye [&hellip;]<a href='https:\/\/pgbsosyalizm.org\/?p=1644' class='pfpReadMore'>Okumaya devam et \u2192<\/a><div class='clear'><\/div><hr><\/div><div class='pfpItem entry-content'><h2 class='entry-title'><a href='https:\/\/pgbsosyalizm.org\/?p=1628'>Brezilya'daki m\u00fccadelede tarafs\u0131z olunamaz!<\/a><\/h2>Y\u0131llard\u0131r hem \u00fclke i\u00e7i politikalar\u0131nda hem de d\u0131\u015f politikas\u0131nda kapitalizmden ve emperyalizmden kopamayan PT (\u0130\u015f\u00e7i Partisi) h\u00fck\u00fcmetleri ve \u015fimdi de PT koalisyon h\u00fck\u00fcmeti bu g\u00fc\u00e7lerin \u015fiddetli bir sald\u0131r\u0131s\u0131 alt\u0131nda. Askeri diktat\u00f6rl\u00fck rejiminden kalan ve bug\u00fcne kadar k\u0131llar\u0131na bile dokunulamam\u0131\u015f olan \u00e7e\u015fitli yasalar, bug\u00fcn PT&#8217;yi h\u00fck\u00fcmetten Dilma Roussef&#8217;i ba\u015fkanl\u0131ktan indirmek amac\u0131yla oligar\u015fi taraf\u0131ndan devreye sokulmu\u015f durumda. [&hellip;]<a href='https:\/\/pgbsosyalizm.org\/?p=1628' class='pfpReadMore'>Okumaya devam et \u2192<\/a><div class='clear'><\/div><hr><\/div><div class='pfpItem entry-content'><h2 class='entry-title'><a href='https:\/\/pgbsosyalizm.org\/?p=1622'>AB'ye \"HAYIR\" diyen i\u015f\u00e7ilere 21 \u00fclkeden destek<\/a><\/h2>Britanya i\u015f\u00e7i s\u0131n\u0131f\u0131n\u0131n Haziran&#8217;da yap\u0131lacak Avrupa Birli\u011fi\u2019nde kal\u0131p kalmama referandumunda AB kar\u015f\u0131t\u0131 tutum sergileyen sekt\u00f6rlerini destekleyen\u00a0Alman sendikac\u0131lar ve i\u015f\u00e7i hareketi temsilcileri, Britanyal\u0131 i\u015f\u00e7ilerin AB kar\u015f\u0131t\u0131 kampanyalar\u0131n\u0131 b\u00fct\u00fcn Avrupa\u2019ya yayma \u00e7abas\u0131ndalar. Daha \u015fimdiden Avrupa \u00e7ap\u0131ndaki bu kampanyaya bir\u00e7ok Avrupa \u00fclkesinden,\u00a0i\u015f\u00e7ilerden sendika temsilcilerine, siyasi \u00f6rg\u00fct temsilcilerinden bar\u0131\u015f savunucusu militanlara, akademisyenlerden emeklilere, kad\u0131nlardan gen\u00e7lere&#8230; AB&#8217;ye \u00fcye olan\/olmayan 21 [&hellip;]<a href='https:\/\/pgbsosyalizm.org\/?p=1622' class='pfpReadMore'>Okumaya devam et \u2192<\/a><div class='clear'><\/div><hr><\/div><div class='pfpItem entry-content'><h2 class='entry-title'><a href='https:\/\/pgbsosyalizm.org\/?p=1600'>Avrupa'n\u0131n emperyalist burjuvazisi korksun: May\u0131s 68'in beteri geliyor!<\/a><\/h2><img decoding=\"async\" src=\"https:\/\/pgbsosyalizm.org\/yenicms\/wp-content\/uploads\/2016\/03\/plev-pancarte-3-150x113.jpeg\" \/>Fransa&#8217;da h\u00fck\u00fcmetin yeni \u00e7al\u0131\u015fma yasas\u0131n\u0131 protesto eden i\u015f\u00e7i sendikalar\u0131, \u00fcniversite ve lise \u00f6\u011frencileri sendikalar\u0131n\u0131n 9 Mart&#8217;ta, Paris&#8217;te ger\u00e7ekle\u015fen ortak g\u00f6sterisine 500 binden fazla ki\u015fi kat\u0131ld\u0131. G\u00f6steriler yeni bir May\u0131s &#8217;68&#8217;in ate\u015fini harl\u0131yor. &#8220;Yasa derhal geri \u00e7ekilsin!&#8221;, &#8220;Wals&#8217;e* vals yapt\u0131raca\u011f\u0131z!&#8221;, &#8220;Grev!&#8221;, &#8220;Bu daha ba\u015flang\u0131\u00e7!&#8221;\u00a0sloganlar\u0131n\u0131n at\u0131ld\u0131\u011f\u0131 g\u00f6sterinin foto\u011fraflar\u0131n\u0131\u00a0a\u015fa\u011f\u0131da\u00a0g\u00f6rebilirsiniz. *Wals: Fransa Ba\u015fbakan\u0131 &nbsp;<a href='https:\/\/pgbsosyalizm.org\/?p=1600' class='pfpReadMore'>Okumaya devam et \u2192<\/a><div class='clear'><\/div><hr><\/div><div class='pfpItem entry-content'><h2 class='entry-title'><a href='https:\/\/pgbsosyalizm.org\/?p=1579'>Alman i\u015f\u00e7i hareketinden AB\u2019ye \u201chay\u0131r\u201d diyen Britanyal\u0131 i\u015f\u00e7ilere destek<\/a><\/h2><img decoding=\"async\" src=\"https:\/\/pgbsosyalizm.org\/yenicms\/wp-content\/uploads\/2016\/03\/brexit-150x115.jpg\" \/>Avrupa Birli\u011fi\u2019nin kar\u015f\u0131 devrimci karakterini b\u00fct\u00fcn \u00e7\u0131plakl\u0131\u011f\u0131yla Yunanistan\u2019da g\u00f6rd\u00fck. Bir halk\u0131n egemenli\u011finin nas\u0131l ortadan kald\u0131r\u0131ld\u0131\u011f\u0131na tan\u0131k olduk. Ger\u00e7i bunu g\u00f6rmek i\u00e7in Yunanistan\u2019\u0131 ya\u015famaya ihtiyac\u0131m\u0131z yoktu. Daha \u00f6nce eski Yugoslavya\u2019da \u00fclkenin par\u00e7alanmas\u0131 i\u00e7in m\u00fcdahalede bulunurken, yak\u0131n tarihte Ukrayna\u2019da fa\u015fist \u00e7eteleri desteklerken, ABD emperyalizminin K\u00f6rfez Sava\u015f\u0131&#8217;na a\u00e7\u0131k destek verirken, Libya sonras\u0131 Afrika\u2019ya sald\u0131r\u0131rken, \u015fimdilerde Orta Do\u011fu\u2019ya bombard\u0131man [&hellip;]<a href='https:\/\/pgbsosyalizm.org\/?p=1579' class='pfpReadMore'>Okumaya devam et \u2192<\/a><div class='clear'><\/div><hr><\/div><div class='pfpItem entry-content'><h2 class='entry-title'><a href='https:\/\/pgbsosyalizm.org\/?p=1576'>Avrupa \u00c7a\u011fr\u0131s\u0131<\/a><\/h2>Bizler; Avrupa Birli\u011finin \u00fcyesi olsun olmas\u0131n, Avrupa k\u0131tas\u0131n\u0131n b\u00fct\u00fcn \u00fclkelerinden, i\u015f\u00e7i hareketinin t\u00fcm e\u011filimlerinden emek\u00e7iler, gen\u00e7ler, sendikac\u0131lar ve siyaset\u00e7ileriz. B\u00fcy\u00fck Britanya\u2019da, 23 Haziran tarihinde, g\u00fcndemine temel soru olarak Avrupa Birli\u011finde \u201ckalmay\u0131\u201d ya da ondan \u201cayr\u0131lmay\u0131\u201d alan bir referandum karar\u0131 al\u0131nm\u0131\u015f bulunuyor. \u0130\u015f\u00e7i Partisi y\u00f6netiminin ve Avrupa Sendikalar Konfederasyonunun (ETUC) zirvelerinin aksi y\u00f6nde talimatlar\u0131na ra\u011fmen 23 [&hellip;]<a href='https:\/\/pgbsosyalizm.org\/?p=1576' class='pfpReadMore'>Okumaya devam et \u2192<\/a><div class='clear'><\/div><hr><\/div><div class='pfpItem entry-content'><h2 class='entry-title'><a href='https:\/\/pgbsosyalizm.org\/?p=1572'>European Appeal<\/a><\/h2>We are workers, youth and trade union and political activists from every tendency of the labour movement, and from every country of Europe (members or not of the European Union). A referendum has been called on 23 June in Britain, with one question on the agenda: \u201cstay\u201d in the European Union or \u201cleave\u201d it. We [&hellip;]<a href='https:\/\/pgbsosyalizm.org\/?p=1572' class='pfpReadMore'>Okumaya devam et \u2192<\/a><div class='clear'><\/div><hr><\/div><div class='pfpItem entry-content'><h2 class='entry-title'><a href='https:\/\/pgbsosyalizm.org\/?p=1510'>Vakit H\u0131zla Ak\u0131p Gidiyor, Yar\u0131\u015f Zamana Kar\u015f\u0131 T\u00fcrkiye S\u0131n\u0131f M\u00fccadelesine Hangi Zeminde Nas\u0131l M\u00fcdahale Edilebilir?<\/a><\/h2>&#8211;\u015eadi Ozans\u00fc Herkes\u00e7e bilinir ama pek telaffuz edilmez: T\u00fcrkiye\u2019de 12 Eyl\u00fcl 1980\u2019de ger\u00e7ekle\u015fen askeri darbe sadece T\u00fcrkiye i\u00e7i geli\u015fmelerin de\u011fil, ayn\u0131 zamanda uluslararas\u0131 konjonkt\u00fcr\u00fcn de bir sonucuydu. Hatta kim bilir, belki de zamanlanmas\u0131nda uluslararas\u0131 konjonkt\u00fcr\u00fcn etkisi yerele g\u00f6re daha \u00e7ok \u00f6ne \u00e7\u0131km\u0131\u015f bile olabilir. T\u00fcrkiye\u2019de i\u015f\u00e7i hareketi 1979 y\u0131l\u0131ndan itibaren daha \u00f6nceki y\u0131llar\u0131n tersine bir [&hellip;]<a href='https:\/\/pgbsosyalizm.org\/?p=1510' class='pfpReadMore'>Okumaya devam et \u2192<\/a><div class='clear'><\/div><hr><\/div><div class='pfpItem entry-content'><h2 class='entry-title'><a href='https:\/\/pgbsosyalizm.org\/?p=1531'>Uluslararas\u0131 \u0130\u015f\u00e7i Delegasyonu'nun Yunanistan Ziyareti De\u011ferlendirmeleri: Avrupa Birli\u011fi Ku\u015fatmas\u0131 Alt\u0131nda Yunanistan<\/a><\/h2><img decoding=\"async\" src=\"https:\/\/pgbsosyalizm.org\/yenicms\/wp-content\/uploads\/2015\/12\/greece-delegation-150x116.png\" \/>&#8211;\u0130brahim Devrim Yunanistan\u2019daki ekonomik ve siyasi kriz ile birlikte ya\u015fanan b\u00fcy\u00fck kitle hareketleri \u00f6ncelikle Avrupa\u2019da ve ard\u0131ndan t\u00fcm d\u00fcnyada yank\u0131 yaratt\u0131. Y\u00fckselen i\u015f\u00e7i hareketi, AB kararlar\u0131n\u0131 uygulayan h\u00fck\u00fcmetlerin devrilmesi, Syriza\u2019n\u0131n ilk se\u00e7im zaferi, refarandum ve son olarak Syriza\u2019n\u0131n yeniden h\u00fck\u00fcmet olmas\u0131 t\u00fcm d\u00fcnya solunun dikkatini Yunanistan \u00fczerine \u00e7ekti. Kas\u0131m ay\u0131nda Uluslararas\u0131 \u0130\u015f\u00e7i Delegasyonu ile Yunanistan\u2019da [&hellip;]<a href='https:\/\/pgbsosyalizm.org\/?p=1531' class='pfpReadMore'>Okumaya devam et \u2192<\/a><div class='clear'><\/div><hr><\/div><div class='pfpItem entry-content'><h2 class='entry-title'><a href='https:\/\/pgbsosyalizm.org\/?p=1504'>Fransa Ba\u011f\u0131ms\u0131z \u0130\u015f\u00e7i Partisi (POI) Bildirisi<\/a><\/h2><img decoding=\"async\" src=\"https:\/\/pgbsosyalizm.org\/yenicms\/wp-content\/uploads\/2015\/11\/POI-300x186-150x93.jpg\" \/>Ba\u011f\u0131ms\u0131z \u0130\u015f\u00e7i Partisi (Parti Ouvrier Ind\u00e9pendant), 13 Kas\u0131m tarihinde Paris&#8217;te ger\u00e7ekle\u015ftirilen kasapl\u0131\u011f\u0131 b\u00fct\u00fcn g\u00fcc\u00fcyle mahk\u00fbm eder. Bir kez daha, masum ve sivil insanlar barbarl\u0131\u011fa kurban edilmi\u015flerdir. Ba\u011f\u0131ms\u0131z \u0130\u015f\u00e7i Partisi, 2015 y\u0131l\u0131n\u0131n ba\u015f\u0131nda ger\u00e7ekle\u015ftirilen Charlie Hebdo sald\u0131r\u0131s\u0131n\u0131n hemen ertesinde yapm\u0131\u015f oldu\u011fu \u015fu a\u00e7\u0131klamay\u0131 yeniden hat\u0131rlat\u0131r: &#8220;Bu t\u00fcyler \u00fcrpertici hadiselerin yeniden cereyan etmemesi i\u00e7in m\u00fccadele etmek, d\u00fcnya [&hellip;]<a href='https:\/\/pgbsosyalizm.org\/?p=1504' class='pfpReadMore'>Okumaya devam et \u2192<\/a><div class='clear'><\/div><hr><\/div><div class='pfpItem entry-content'><h2 class='entry-title'><a href='https:\/\/pgbsosyalizm.org\/?p=1482'>Her t\u00fcr Ba\u015fkanl\u0131k Sistemi T\u00fcrk tipi fa\u015fizme ge\u00e7i\u015ftir! Buna kar\u015f\u0131 nas\u0131l m\u00fccadele edilmeli?<\/a><\/h2><img decoding=\"async\" src=\"https:\/\/pgbsosyalizm.org\/yenicms\/wp-content\/uploads\/2015\/11\/erst-essen-dann-miete-107x150.jpg\" \/>Kapitalist sistemin \u00f6n\u00fcm\u00fcze \u00e7\u0131kard\u0131\u011f\u0131 her bask\u0131 rejimine \u201cfa\u015fizm\u201d yaftas\u0131n\u0131 yap\u0131\u015ft\u0131rmamaya \u00f6zen g\u00f6steren bir siyasi gelene\u011fin miras\u00e7\u0131lar\u0131y\u0131z. Buradan kalkarak burjuva parlamentosunu dahi t\u00fcm\u00fcyle feshetmeyen 12 Mart 1971 yar\u0131-askeri diktat\u00f6rl\u00fck rejimiyle 12 Eyl\u00fcl 1980 askeri diktat\u00f6rl\u00fck rejimlerini fa\u015fizm olarak nitelemedik.\u00a0 \u0130\u015f\u00e7i s\u0131n\u0131f\u0131n\u0131n ve K\u00fcrt halk\u0131n\u0131n az\u0131l\u0131 d\u00fc\u015fman\u0131 bu rejimleri \u201cfa\u015fist\u201d olarak nitelemememiz, fa\u015fizmi sadece bir k\u00fcf\u00fcr olarak [&hellip;]<a href='https:\/\/pgbsosyalizm.org\/?p=1482' class='pfpReadMore'>Okumaya devam et \u2192<\/a><div class='clear'><\/div><hr><\/div><div class='pfpItem entry-content'><h2 class='entry-title'><a href='https:\/\/pgbsosyalizm.org\/?p=1489'>Filistin\u2019de tarih yeniden yaz\u0131l\u0131yor!<\/a><\/h2><img decoding=\"async\" src=\"https:\/\/pgbsosyalizm.org\/yenicms\/wp-content\/uploads\/2015\/11\/intifada-2015-1-150x84.jpg\" \/>\u00dc\u00e7 koldan y\u00fcr\u00fcy\u00fc\u015fe ge\u00e7en Filistinliler: \u201cBiz var\u0131z ve tek bir halk\u0131z!\u201d Hem Bat\u0131 \u015eeria, hem Gazze ve hem de 1948\u2019den beri ad\u0131na \u201c\u0130srail\u201d denilen i\u015fgal alt\u0131ndaki topraklarda ya\u015fayan Filistinliler, 15-20 ya\u015f grubu gen\u00e7li\u011fin \u00f6nc\u00fcl\u00fc\u011f\u00fcnde, FK\u00d6 ve HAMAS \u00f6nderliklerinin bayraklar\u0131n\u0131 bir kenara at\u0131p sadece geleneksel Filistin bayraklar\u0131yla y\u00fcr\u00fcy\u00fc\u015flere ge\u00e7erek Siyonizme ve onun destek\u00e7isi emperyalizme kar\u015f\u0131 ayaklanm\u0131\u015f [&hellip;]<a href='https:\/\/pgbsosyalizm.org\/?p=1489' class='pfpReadMore'>Okumaya devam et \u2192<\/a><div class='clear'><\/div><hr><\/div><div class='pfpItem entry-content'><h2 class='entry-title'><a href='https:\/\/pgbsosyalizm.org\/?p=1476'>\u0130srail\u2019deki Filistinli i\u015f\u00e7ilerin korunmas\u0131 i\u00e7in acil \u00e7a\u011fr\u0131<\/a><\/h2><img loading=\"lazy\" decoding=\"async\" class=\"size-full wp-image-1433 alignright\" src=\"https:\/\/pgbsosyalizm.org\/yenicms\/wp-content\/uploads\/2015\/08\/Arap-Iscileri-Send1.jpg\" alt=\"Arap Iscileri Send\" width=\"204\" height=\"169\" srcset=\"https:\/\/pgbsosyalizm.org\/yenicms\/wp-content\/uploads\/2015\/08\/Arap-Iscileri-Send1.jpg 204w, https:\/\/pgbsosyalizm.org\/yenicms\/wp-content\/uploads\/2015\/08\/Arap-Iscileri-Send1-150x124.jpg 150w\" sizes=\"auto, (max-width: 204px) 100vw, 204px\" \/>&nbsp; \u05d0\u05d9\u05d2\u05d5\u05d3 \u05d4\u05e2\u05d5\u05d1\u05d3\u05d9\u05dd \u05d4\u05e2\u05e8\u05d1\u05d9\u05dd\u00a0 \u0646\u0642\u0627\u0628\u0629 \u0627\u0644\u0639\u0645\u0627\u0644 \u0627\u0644\u0639\u0631\u0628\u00a0 Arap \u0130\u015f\u00e7ileri Sendikas\u0131 &nbsp; &nbsp; \u00a0\u0130srail\u2019deki Filistinli i\u015f\u00e7ilerin korunmas\u0131 i\u00e7in acil \u00e7a\u011fr\u0131: \u0130srail, ekim ay\u0131n\u0131n ba\u015f\u0131ndan beri 959 Filistinli i\u015f\u00e7iyi tutuklad\u0131 322 i\u015f\u00e7i sald\u0131r\u0131ya u\u011frad\u0131 ve i\u015fyerinden kovuldu \u0130srailli yerle\u015fimcilerin \u0130srail \u015fehirlerinde Filistinli i\u015f\u00e7ilere y\u00f6nelik tekrar eden sald\u0131r\u0131lar\u0131n\u0131n ard\u0131ndan Nas\u0131ra \u015fehrindeki Arap \u0130\u015f\u00e7ileri Sendikas\u0131, uluslararas\u0131 sendikalar\u0131 ve insan [&hellip;]<a href='https:\/\/pgbsosyalizm.org\/?p=1476' class='pfpReadMore'>Okumaya devam et \u2192<\/a><div class='clear'><\/div><hr><\/div><div class='pfpItem entry-content'><h2 class='entry-title'><a href='https:\/\/pgbsosyalizm.org\/?p=1474'>Yunanistan Se\u00e7imlerinde Ne Oldu?<\/a><\/h2>AT\u0130NA- Yunanistan\u2019da 20 Eyl\u00fcl se\u00e7imlerinde, Avrupa Birli\u011fi ve Troyka (IMF, Avrupa Merkez Bankas\u0131 ve Avrupa Komisyonu) taraf\u0131ndan talep edilen kemer s\u0131kma \u00f6nlemlerini uygulamak i\u00e7in Ba\u015fbakan Alexis Tsipras\u2019\u0131n vek\u00e2lete sahip oldu\u011fu iddialar\u0131na kitlesel \u00e7ekimserlik darbe vurdu ve rekor d\u00fczeye ula\u015ft\u0131. \u00d6nceki se\u00e7imlerde %30 olan y\u00fcksek kat\u0131lmama oran\u0131yla kar\u015f\u0131la\u015ft\u0131r\u0131l\u0131rsa bu se\u00e7imde se\u00e7menlerin %45\u2019inden fazlas\u0131 evlerinde oturdu. Syriza\u2019n\u0131n [&hellip;]<a href='https:\/\/pgbsosyalizm.org\/?p=1474' class='pfpReadMore'>Okumaya devam et \u2192<\/a><div class='clear'><\/div><hr><\/div><div class='pfpItem entry-content'><h2 class='entry-title'><a href='https:\/\/pgbsosyalizm.org\/?p=1468'>Kitle M\u00fccadelesinin Politik Hedefi Saray\u0131 D\u00fc\u015f\u00fcrmek Olmal\u0131!<\/a><\/h2>&#8211;\u015eadi Ozans\u00fc Ne zamand\u0131r s\u00f6yleyip duruyoruz: Tayyip Erdo\u011fan\u2019\u0131n in\u015fa ettirip i\u00e7ine yerle\u015fti\u011fi Saray san\u0131lan\u0131n tersine s\u0131radan bir sefahat mek\u00e2n\u0131 de\u011fil. Onun \u00f6nemi; abdesthane ibriklerinin alt\u0131ndan, perdelerinin atlastan, havas\u0131n\u0131n misk-\u00fc amber kokmas\u0131ndan kaynaklanm\u0131yor. Saray\u2019\u0131n \u00f6nemi; onun, ba\u015fta T\u00fcrkiye olmak \u00fczere Ortado\u011fu \u00e7ap\u0131nda Gericili\u011fin, \u015eovenizmin ve Militarizmin Koordinasyon Merkezi olmas\u0131ndan ileri geliyor. Hi\u00e7 kimsenin \u015f\u00fcphesi olmas\u0131n &#8220;Bug\u00fcn [&hellip;]<a href='https:\/\/pgbsosyalizm.org\/?p=1468' class='pfpReadMore'>Okumaya devam et \u2192<\/a><div class='clear'><\/div><hr><\/div><div class='pfpItem entry-content'><h2 class='entry-title'><a href='https:\/\/pgbsosyalizm.org\/?p=1444'>Arab Workers Union in Israel<\/a><\/h2>NEWS &nbsp; Dear Friends, You will find below the statement issued by the Arab Workers Union regarding the situation in Palestine following the recent murder of a young child. Please circulate this as widely as possible. The statement is available in Arabic, French, English and Spanish, and will be sent to you by return in [&hellip;]<a href='https:\/\/pgbsosyalizm.org\/?p=1444' class='pfpReadMore'>Okumaya devam et \u2192<\/a><div class='clear'><\/div><hr><\/div><div class='pfpItem entry-content'><h2 class='entry-title'><a href='https:\/\/pgbsosyalizm.org\/?p=1439'>Sindicato de Trabajadores \u00c1rabes<\/a><\/h2><img loading=\"lazy\" decoding=\"async\" aria-describedby=\"caption-attachment-1422\" class=\"wp-image-1422 size-full\" src=\"https:\/\/pgbsosyalizm.org\/yenicms\/wp-content\/uploads\/2015\/08\/Arap-Iscileri-Send.jpg\" alt=\"Arap Iscileri Send\" width=\"204\" height=\"169\" srcset=\"https:\/\/pgbsosyalizm.org\/yenicms\/wp-content\/uploads\/2015\/08\/Arap-Iscileri-Send.jpg 204w, https:\/\/pgbsosyalizm.org\/yenicms\/wp-content\/uploads\/2015\/08\/Arap-Iscileri-Send-150x124.jpg 150w\" sizes=\"auto, (max-width: 204px) 100vw, 204px\" \/>INFORMACION Apreciados amigos, Adjunto reciben el comunicado que el Sindicato de Trabajdores \u00c1rabes (Arab Workers Union), public\u00f3 sobre la situaci\u00f3n en Palestina despu\u00e9s del reciente asesinato de un ni\u00f1ito. No dude en hacer circular ampliamente Este comunicado existe en \u00c1rabe, Frances, Ingl\u00e9s, Espa\u00f1ol y os ser\u00e1 enviado en la lengua que usted prefiera haciendo su [&hellip;]<a href='https:\/\/pgbsosyalizm.org\/?p=1439' class='pfpReadMore'>Okumaya devam et \u2192<\/a><div class='clear'><\/div><hr><\/div><div class='pfpItem entry-content'><h2 class='entry-title'><a href='https:\/\/pgbsosyalizm.org\/?p=1432'>INFORMATIONS DE PALESTINE<\/a><\/h2><img decoding=\"async\" src=\"https:\/\/pgbsosyalizm.org\/yenicms\/wp-content\/uploads\/2015\/08\/Arap-Iscileri-Send1-150x124.jpg\" \/>Chers amis, Vous voudrez bien trouver ci-dessous le communiqu\u00e9 que le Syndicat des Travailleurs Arabes ( Arab Workers Union) a publi\u00e9 sur la situation en Palestine apr\u00e8s le r\u00e9cent assassinat d\u2019un jeune enfant. N\u2019h\u00e9sitez pas \u00e0 le faire circuler tr\u00e8s largement. Ce communiqu\u00e9 existe en Arabe, Fran\u00e7ais, Anglais , Espagnol et vous sera envoy\u00e9 par [&hellip;]<a href='https:\/\/pgbsosyalizm.org\/?p=1432' class='pfpReadMore'>Okumaya devam et \u2192<\/a><div class='clear'><\/div><hr><\/div><div class='pfpItem entry-content'><h2 class='entry-title'><a href='https:\/\/pgbsosyalizm.org\/?p=1416'>Arap \u0130\u015f\u00e7ileri Sendikas\u0131'ndan \u00c7a\u011fr\u0131<\/a><\/h2><img decoding=\"async\" src=\"https:\/\/pgbsosyalizm.org\/yenicms\/wp-content\/uploads\/2015\/08\/Filistin-Yuruyusu-150x32.jpg\" \/>Sevgili Dostlar, A\u015fa\u011f\u0131da, bir Filistinli bebe\u011fin ge\u00e7ti\u011fimiz g\u00fcnlerde hunharca katli sonras\u0131, Filistin&#8217;deki durumla ilgili olarak Arap \u0130\u015f\u00e7ileri Sendikas\u0131 (Arab Workers Union)\u00a0taraf\u0131ndan yay\u0131nlanan bildiriyi bulacaks\u0131n\u0131z. Bu bildiriyi m\u00fcmk\u00fcn olan en geni\u015f dola\u015f\u0131m a\u011f\u0131na sokmakta teredd\u00fct etmeyin. Bildiri yaz\u0131ld\u0131\u011f\u0131 Arap\u00e7a&#8217;n\u0131n d\u0131\u015f\u0131nda Frans\u0131zca, \u0130ngilizce ve \u0130spanyolca&#8217;ya \u00e7evrilmi\u015f durumda. Bu dillerde okumak isterseniz &#x6a;&#x2d;&#112;&#45;b&#x61;&#x72;&#x72;&#111;&#105;s&#x40;&#x77;&#x61;&#110;&#97;d&#x6f;&#x6f;&#x2e;&#102;&#114; adresinden temin edebilirsiniz. Arap \u0130\u015f\u00e7ileri [&hellip;]<a href='https:\/\/pgbsosyalizm.org\/?p=1416' class='pfpReadMore'>Okumaya devam et \u2192<\/a><div class='clear'><\/div><hr><\/div><div class='pfpItem entry-content'><h2 class='entry-title'><a href='https:\/\/pgbsosyalizm.org\/?p=1395'>Suru\u00e7 Katliam\u0131n\u0131n Azmettiricileri Ortada!<\/a><\/h2>Patronsuz, Generalsiz, B\u00fcrokratsiz Sosyalizm olarak bile\u015feni oldu\u011fumuz \u0130\u015f\u00e7i Karde\u015fli\u011fi Partisi&#8216;nin (\u0130KP) Suru\u00e7 katliam\u0131na ili\u015fkin a\u00e7\u0131klamas\u0131d\u0131r. &nbsp; Suru\u00e7\u2019taki katliam, AKP\u2019nin emirlerini uygulad\u0131\u011f\u0131 emperyalistlerin kanl\u0131 Orta Do\u011fu planlar\u0131n\u0131n sonucudur. Orta Do\u011fu\u2019da uygulanan felaket senaryosunun sonucu olarak emperyalizmin ajanlar\u0131 taraf\u0131ndan ger\u00e7ekle\u015ftirilmi\u015ftir. Suru\u00e7\u2019ta gencecik insanlar\u0131 katledenler, bug\u00fcne kadar emperyalistler ve onlarla i\u015fbirli\u011fi i\u00e7indeki AKP h\u00fck\u00fcmeti taraf\u0131ndan korunmu\u015f, beslenmi\u015f, silahland\u0131r\u0131lm\u0131\u015f, [&hellip;]<a href='https:\/\/pgbsosyalizm.org\/?p=1395' class='pfpReadMore'>Okumaya devam et \u2192<\/a><div class='clear'><\/div><hr><\/div><div class='pfpItem entry-content'><h2 class='entry-title'><a href='https:\/\/pgbsosyalizm.org\/?p=1398'>Yunanistan Devrimi Yeni Ba\u015fl\u0131yor!<\/a><\/h2>&#8211;\u015eadi Ozans\u00fc \u00d6ncelikle, ilk elde s\u0131radan g\u00f6z\u00fckse de daha sonra ortaya \u00e7\u0131kacak politik sonu\u00e7lar\u0131 bak\u0131m\u0131ndan dikkate al\u0131nmas\u0131 gereken bir uyar\u0131: T\u00fcrkiye\u2019nin s\u0131n\u0131f m\u00fccadelesinden yana g\u00fc\u00e7lerinin Yunanistan\u2019daki son durumla ilgili olarak Cumhuriyet gazetesinin att\u0131\u011f\u0131 ba\u015fl\u0131\u011fa sar\u0131lmalar\u0131na gerek yok, yani D\u00fcyun-u Umumiye benzetmesine. \u00dcstelik AB\u2019nin \u00c7ipras\u2019a dayatarak kabul ettirdi\u011fi anla\u015fma paketinin i\u00e7inde pek kimsenin \u00fcst\u00fcnde durmad\u0131\u011f\u0131 \u015fu: [&hellip;]<a href='https:\/\/pgbsosyalizm.org\/?p=1398' class='pfpReadMore'>Okumaya devam et \u2192<\/a><div class='clear'><\/div><hr><\/div><div class='pfpItem entry-content'><h2 class='entry-title'><a href='https:\/\/pgbsosyalizm.org\/?p=1404'>Milyonlar\u0131n Y\u00fcr\u00fcy\u00fc\u015f\u00fc\u2019ne Destek Ver: Siyah Kitlelerin ve \u0130\u015f\u00e7i Hareketlerinin M\u00fccadeleci Bir G\u00fcce \u0130htiyac\u0131 Var!<\/a><\/h2>25 Temmuz\u2019da Amerika\u2019n\u0131n New Jersey eyaletinin en b\u00fcy\u00fck \u015fehri Newark\u2019ta ger\u00e7ekle\u015fecek Polis Zulm\u00fcne, Irk\u00e7\u0131 Adaletsizli\u011fe ve Ekonomik E\u015fitsizli\u011fe kar\u015f\u0131 Milyonlar\u0131n Y\u00fcr\u00fcy\u00fc\u015f\u00fc; giderek daha fazla ki\u015finin ilgisini \u00e7ekiyor, a\u011f\u0131rl\u0131kl\u0131 olarak da devlet g\u00fc\u00e7leri ve toplumun y\u00fczde birini olu\u015fturan kapitalistlerce s\u00fcrd\u00fcr\u00fclen adaletsizliklerden en fazla ma\u011fdur olan Siyah, Latin, i\u015f\u00e7i s\u0131n\u0131f\u0131 ve yoksul halk kitle \u00f6rg\u00fctleriyle destek\u00e7i gruplar\u0131n\u0131n. [&hellip;]<a href='https:\/\/pgbsosyalizm.org\/?p=1404' class='pfpReadMore'>Okumaya devam et \u2192<\/a><div class='clear'><\/div><hr><\/div><div class='pfpItem entry-content'><h2 class='entry-title'><a href='https:\/\/pgbsosyalizm.org\/?p=1386'>Suriye\u2019de B\u00fcy\u00fck Sava\u015fa Do\u011fru<\/a><\/h2>&#8212; \u0130brahim Devrim Suriye\u2019de ve Ortado\u011fu\u2019da dengeler h\u0131zla de\u011fi\u015fiyor.\u00a0 Birka\u00e7 y\u0131l \u00f6ncesinde Esad\u2019\u0131 devirmek \u00fczere emperyalizmin toparlad\u0131\u011f\u0131 gruplar aras\u0131na, Cenevre toplant\u0131lar\u0131na kabul edilmeyen PYD, \u015fu anda Suriye\u2019deki sava\u015f\u0131n belki de en \u00f6nemli unsuru olmu\u015f durumda. Bu toplant\u0131larda K\u00fcrtleri temsil ediyormu\u015f gibi yapmas\u0131 i\u00e7in kurulan tabela partilerinin veya ithal cihat\u00e7\u0131 \u00e7etelerin aksine ger\u00e7ekten bu topraklarda k\u00f6kleri [&hellip;]<a href='https:\/\/pgbsosyalizm.org\/?p=1386' class='pfpReadMore'>Okumaya devam et \u2192<\/a><div class='clear'><\/div><hr><\/div><div class='pfpItem entry-content'><h2 class='entry-title'><a href='https:\/\/pgbsosyalizm.org\/?p=1375'>\u00c7anlar Syriza i\u00e7in \u00e7al\u0131yor!<\/a><\/h2><img decoding=\"async\" src=\"https:\/\/pgbsosyalizm.org\/yenicms\/wp-content\/uploads\/2015\/06\/greekdebt-150x99.gif\" \/>&nbsp; &#8212; Ali R\u0131za G\u00fcngen &nbsp; Syriza iktidara geldikten sonra \u015eubat ay\u0131 sonunda s\u00fcresi dolacak paketle ilgili g\u00f6r\u00fc\u015fmelere giri\u015fip d\u00f6rt ayl\u0131k bir uzatma kopard\u0131. Ancak bu giri\u015fim ayn\u0131 zamanda Syriza y\u00f6netiminde daha radikal ad\u0131mlar atmak ve Troyka\u2019ya (Avrupa Merkez Bankas\u0131 \u2013 AMB, Avrupa Komisyonu ve IMF) kar\u015f\u0131 kararl\u0131 bir duru\u015f sergilemek konusundaki \u00e7ekimserli\u011fi de g\u00f6sterdi. [&hellip;]<a href='https:\/\/pgbsosyalizm.org\/?p=1375' class='pfpReadMore'>Okumaya devam et \u2192<\/a><div class='clear'><\/div><hr><\/div><div class='pfpItem entry-content'><h2 class='entry-title'><a href='https:\/\/pgbsosyalizm.org\/?p=1352'>Patronlar\u0131n kolluk kuvveti T\u00fcrk Metal \u00e7\u00f6k\u00fcyor, peki \u015fimdi?<\/a><\/h2><img decoding=\"async\" src=\"https:\/\/pgbsosyalizm.org\/yenicms\/wp-content\/uploads\/2015\/06\/photo-6-150x100.jpg\" \/>&nbsp; &#8211;\u015eadi Ozans\u00fc T\u00fcrkiye i\u015f\u00e7i s\u0131n\u0131f\u0131; 2009-2010 y\u0131llar\u0131 aras\u0131nda ger\u00e7ekle\u015fen TEKEL eylemleri ve onun c\u0131l\u0131z uzant\u0131lar\u0131n\u0131 bir kenara b\u0131rakacak olursak, hi\u00e7bir d\u00f6nemde AKP iktidar\u0131 alt\u0131nda oldu\u011fu kadar zay\u0131f, soluksuz ve sessiz bir \u201ctopluluk\u201d olarak varl\u0131\u011f\u0131n\u0131 s\u00fcrd\u00fcrmedi. 12 Eyl\u00fcl\u2019\u00fcn daha onuncu y\u0131l\u0131 dolmadan ger\u00e7ekle\u015fen Bahar Eylemlerini ve b\u00fcy\u00fck Zonguldak kalk\u0131\u015fmas\u0131n\u0131 an\u0131msad\u0131\u011f\u0131n\u0131zda bunu daha kolayl\u0131kla g\u00f6z\u00fcn\u00fcz\u00fcn \u00f6n\u00fcne [&hellip;]<a href='https:\/\/pgbsosyalizm.org\/?p=1352' class='pfpReadMore'>Okumaya devam et \u2192<\/a><div class='clear'><\/div><hr><\/div><div class='pfpItem entry-content'><h2 class='entry-title'><a href='https:\/\/pgbsosyalizm.org\/?p=1312'>8 May\u0131s 1945\u2019in bir de Cezayir\u2019i vard\u0131!<\/a><\/h2><img decoding=\"async\" src=\"https:\/\/pgbsosyalizm.org\/yenicms\/wp-content\/uploads\/2015\/05\/cezayir1945-150x74.jpg\" \/>&#8211;Lucien Gauthier &nbsp; 8 May\u0131s 1945. Fransa\u2019n\u0131n kentlerinin b\u00fct\u00fcn caddelerinde kurtulu\u015f kutlamalar\u0131 var. \u201cSava\u015f\u0131n sonu, \u00f6l\u00fcmlerin ve ac\u0131lar\u0131n sonu geldi\u201d diye d\u00fc\u015f\u00fcn\u00fcl\u00fcyor. Direni\u015f Ulusal Konseyi&#8217;nden (CNR) do\u011fmu\u015f yeni bir h\u00fck\u00fcmet var \u015fimdi: De Gaulle\u2019c\u00fcleri, Frans\u0131z Sosyalist Partisi&#8217;ni ve Frans\u0131z Kom\u00fcnist Partisi&#8217;ni bir araya getiren bir koalisyon h\u00fck\u00fcmeti. Ayn\u0131 8 May\u0131s 1945 tarihinde Cezayir\u2019de de g\u00f6steriler [&hellip;]<a href='https:\/\/pgbsosyalizm.org\/?p=1312' class='pfpReadMore'>Okumaya devam et \u2192<\/a><div class='clear'><\/div><hr><\/div><div class='pfpItem entry-content'><h2 class='entry-title'><a href='https:\/\/pgbsosyalizm.org\/?p=1289'>Brezilya: Darbecilere \u0130\u015f\u00e7i Partisi\u2019nin (PT) Eskiden Yapt\u0131\u011f\u0131 Gibi Yaparak Kar\u015f\u0131 Koymak<\/a><\/h2><img decoding=\"async\" src=\"https:\/\/pgbsosyalizm.org\/yenicms\/wp-content\/uploads\/2015\/04\/o-trabalho-111x150.jpg\" \/>&nbsp; \u201c7 Nisan ve 1 May\u0131s&#8217;ta yeniden sokaklara!\u201d 1 &#8212;\u00a0Lauro Fagundes Okuyucular\u0131m\u0131z\u0131n \u00f6nceki say\u0131lar\u0131m\u0131zda g\u00f6rebilece\u011fi gibi Brezilya i\u015f\u00e7i s\u0131n\u0131f\u0131 13 Mart&#8217;ta sendika federasyonu CUT\u2019un (Birle\u015fik \u0130\u015f\u00e7i Merkezi) ve \u00f6zellikle Dilma Rousseff ba\u015fkanl\u0131\u011f\u0131ndaki (PT \u2013 \u0130\u015f\u00e7i Partisi) h\u00fck\u00fcmetin Levy Plan\u0131\u2019na (Maliye Bakan\u0131) kar\u015f\u0131 eme\u011fin taleplerini savunan toplumsal \u00f6rg\u00fctlerin \u00e7a\u011fr\u0131s\u0131yla sokaklara \u00e7\u0131kt\u0131. \u0130ki g\u00fcn sonra, bir kesimi [&hellip;]<a href='https:\/\/pgbsosyalizm.org\/?p=1289' class='pfpReadMore'>Okumaya devam et \u2192<\/a><div class='clear'><\/div><hr><\/div><div class='pfpItem entry-content'><h2 class='entry-title'><a href='https:\/\/pgbsosyalizm.org\/?p=1296'>Yeni Ukrayna<\/a><\/h2>&#8211;\u0130brahim Devrim Ukrayna\u2019da Yanukovich h\u00fck\u00fcmetinin devrilmesinin ve rejim de\u011fi\u015fikli\u011finin ard\u0131ndan bir y\u0131ldan fazla zaman ge\u00e7ti. Sonras\u0131nda patlak veren i\u00e7 sava\u015fta 7000\u2019in \u00fczerinde insan hayat\u0131n\u0131 kaybetti.\u00a0 Bir\u00e7ok katliam ya\u015fand\u0131. \u015eu s\u0131ralar ate\u015fkes ilan edilmi\u015f olsa da hen\u00fcz hi\u00e7bir \u015fey \u00e7\u00f6z\u00fcme ula\u015fm\u0131\u015f ve bar\u0131\u015f sa\u011flanm\u0131\u015f de\u011fil. \u0130\u00e7 sava\u015f devam ediyor. Sava\u015f\u0131n taraflar\u0131 Sava\u015f\u0131n taraflar\u0131 genelde Rus yanl\u0131s\u0131 [&hellip;]<a href='https:\/\/pgbsosyalizm.org\/?p=1296' class='pfpReadMore'>Okumaya devam et \u2192<\/a><div class='clear'><\/div><hr><\/div><div class='pfpItem entry-content'><h2 class='entry-title'><a href='https:\/\/pgbsosyalizm.org\/?p=1282'>Ba\u015fbu\u011fluk Sistemine Hay\u0131r!<\/a><\/h2>&#8211;\u015eadi Ozans\u00fc Art\u0131k herkes taraf\u0131ndan \u00e7ok a\u00e7\u0131k bir \u015fekilde g\u00f6r\u00fcl\u00fcyor ki 7 Haziran 2015 Milletvekili Genel Se\u00e7imlerinin \u201cParlamenter sistem\u201dden\u00a0 \u201cBa\u015fkanl\u0131k Sistemi\u201dne ge\u00e7i\u015f d\u0131\u015f\u0131nda hi\u00e7bir \u00f6nemi kalmam\u0131\u015ft\u0131r. Ama bu olas\u0131 ge\u00e7i\u015fin kendisi bile, bu se\u00e7imleri 12 Eyl\u00fcl 1980\u2019den bu yana ger\u00e7ekle\u015fen b\u00fct\u00fcn se\u00e7imlerden farkl\u0131, \u00f6nemli ve \u201ctehlikeli\u201d k\u0131lmaya yetiyor. Ku\u015fkusuz T\u00fcrkiye\u2019nin son d\u00f6nem tarihine damgas\u0131n\u0131 vurup [&hellip;]<a href='https:\/\/pgbsosyalizm.org\/?p=1282' class='pfpReadMore'>Okumaya devam et \u2192<\/a><div class='clear'><\/div><hr><\/div><div class='pfpItem entry-content'><h2 class='entry-title'><a href='https:\/\/pgbsosyalizm.org\/?p=1274'>CHP ile Se\u00e7im \u0130ttifak\u0131 Niye Olmazm\u0131\u015f?<\/a><\/h2>&#8211;\u015eadi Ozans\u00fc Aralar\u0131nda bizim de yer ald\u0131\u011f\u0131m\u0131z baz\u0131 sosyalist parti, grup ve \u00e7evrenin 7 Haziran se\u00e7imlerinde \u201cCHP-HDP-BHH-Sosyalistler\u201d ittifak\u0131 \u00f6nerisi,\u00a0 gene baz\u0131 sosyalist \u00e7evreler taraf\u0131ndan ele\u015ftirilerek, esas yap\u0131lmas\u0131 gereken se\u00e7im ittifak\u0131n\u0131n HDP-BHH ve sosyalistlerle s\u0131n\u0131rl\u0131 kalmas\u0131 gerekti\u011fi \u015feklinde \u201cd\u00fczeltildi\u201d. Bizim d\u0131\u015f\u0131m\u0131zdaki sosyalist parti, grup ya da kolektiflerin hangi gerek\u00e7eyle CHP ile de ittifak yap\u0131lmas\u0131 gerekti\u011fini ileri [&hellip;]<a href='https:\/\/pgbsosyalizm.org\/?p=1274' class='pfpReadMore'>Okumaya devam et \u2192<\/a><div class='clear'><\/div><hr><\/div><div class='pfpItem entry-content'><h2 class='entry-title'><a href='https:\/\/pgbsosyalizm.org\/?p=1261'>CHP\u2019ye ve HDP\u2019ye \u00c7a\u011fr\u0131<\/a><\/h2>Gelin militarizmin ve gericili\u011fin en karanl\u0131k g\u00fc\u00e7lerinin koordinasyon merkezi olarak \u00e7al\u0131\u015facak ba\u015fkanl\u0131k sistemine kar\u015f\u0131 se\u00e7im ittifak\u0131 yap\u0131n! Deste\u011fimiz size olsun! Y\u0131llard\u0131r s\u00fcratle b\u00fcy\u00fck bir felakete do\u011fru s\u00fcr\u00fcklenen T\u00fcrkiye 7 Haziran se\u00e7im sonu\u00e7lar\u0131na ba\u011fl\u0131 olarak u\u00e7urumun kenar\u0131na geliyor. AKP\u2019nin yerle\u015ftirmeye \u00e7al\u0131\u015faca\u011f\u0131 Ba\u015fkanl\u0131k Sistemi sadece T\u00fcrkiye halklar\u0131n\u0131n de\u011fil, b\u00fct\u00fcn Ortado\u011fu halklar\u0131n\u0131n birbirine k\u0131rd\u0131r\u0131lmas\u0131n\u0131n emperyalizmce de desteklenen (emperyalizm [&hellip;]<a href='https:\/\/pgbsosyalizm.org\/?p=1261' class='pfpReadMore'>Okumaya devam et \u2192<\/a><div class='clear'><\/div><hr><\/div><div class='pfpItem entry-content'><h2 class='entry-title'><a href='https:\/\/pgbsosyalizm.org\/?p=1226'>IV. Enternasyonal'den AC\u0130L \u00c7a\u011fr\u0131: Empeyalizme Kar\u015f\u0131 B\u00fct\u00fcn \u0130nsan Uygarl\u0131\u011f\u0131n\u0131n Savunusu i\u00e7in!<\/a><\/h2>Aralar\u0131nda NATO Genel Sekreteri, Avrupa Komisyonu Ba\u015fkan\u0131, Birle\u015fmi\u015f Milletler Genel Sekreterinin temsilcisinin de yer ald\u0131\u011f\u0131 44 \u00fclke devlet ba\u015fkan\u0131n\u0131n, Fransa Devlet Ba\u015fkan\u0131 Hollande\u2019\u0131n \u0131srarl\u0131 talebi ve dayatmas\u0131yla Fransa\u2019ya gelerek, 1-1,5 milyon yurtta\u015fla gencin 7-8-9 Ocak tarihlerinde meydana gelen sald\u0131r\u0131lar\u0131 protesto etmek amac\u0131yla ger\u00e7ekle\u015ftirdikleri y\u00fcr\u00fcy\u00fc\u015f\u00fcn ba\u015f\u0131n\u0131 \u00e7ekmeleri s\u0131ras\u0131nda Paris\u2019te acil olarak toplanmalar\u0131, 15 y\u0131ldan bu yana [&hellip;]<a href='https:\/\/pgbsosyalizm.org\/?p=1226' class='pfpReadMore'>Okumaya devam et \u2192<\/a><div class='clear'><\/div><hr><\/div><div class='pfpItem entry-content'><h2 class='entry-title'><a href='https:\/\/pgbsosyalizm.org\/?p=1115'>Sosyalizm'in 47. say\u0131s\u0131 \u00e7\u0131kt\u0131<\/a><\/h2><img decoding=\"async\" class=\"alignleft wp-image-286\" src=\"https:\/\/pgbsosyalizm.org\/yenicms\/wp-content\/uploads\/2014\/02\/kapak47.png\" alt=\"PGBS 47 Kapak\" width=\"200\" \/>47. say\u0131m\u0131z \u00e7\u0131kt\u0131. Edinmek i\u00e7in bizimle\u00a0temasa ge\u00e7in, dergimizi ayr\u0131ca a\u015fa\u011f\u0131daki kitabevlerinde bulabilirsiniz. \u0130stanbul Avrupa Yakas\u0131: Mephisto, Semerkant \u0130stanbul Anadolu Yakas\u0131: Mephisto, Seyhan Ankara: Dost Kitabevi<a href='https:\/\/pgbsosyalizm.org\/?p=1115' class='pfpReadMore'>Okumaya devam et \u2192<\/a><div class='clear'><\/div><hr><\/div><div class='pfpItem entry-content'><h2 class='entry-title'><a href='https:\/\/pgbsosyalizm.org\/?p=1030'>Bu Say\u0131<\/a><\/h2>&#8212; Yay\u0131n Kurulu Dergimizin bu say\u0131s\u0131 haz\u0131rlan\u0131rken \u0130D (\u0130slam Devleti) Koban\u00ea\u2019ye sald\u0131r\u0131lar\u0131n\u0131 s\u00fcrd\u00fcrmekte. K\u00fcrt Hareketi \u015fu ikileme zorlan\u0131yor: ya \u0130D taraf\u0131ndan katliama u\u011fra ya da emperyalist devletlerle ve onlar\u0131n b\u00f6lgedeki i\u015fbirlik\u00e7ileriyle anla\u015f, onlardan silah al ve Suriye\u2019nin par\u00e7alanmas\u0131 s\u00fcrecinde \u201c\u0131l\u0131ml\u0131\u201d muhaliflere kat\u0131l. Ayn\u0131 s\u0131rada emperyalizmin kendi g\u00fc\u00e7lendirdi\u011fi \u0130D\u2019ye kar\u015f\u0131 g\u00f6stermelik 1 bombard\u0131manlar\u0131 s\u00fcr\u00fcyor. B\u00f6yle bir [&hellip;]<a href='https:\/\/pgbsosyalizm.org\/?p=1030' class='pfpReadMore'>Okumaya devam et \u2192<\/a><div class='clear'><\/div><hr><\/div><div class='pfpItem entry-content'><h2 class='entry-title'><a href='https:\/\/pgbsosyalizm.org\/?p=1015'>Gazze Ambargosuna Kar\u015f\u0131 Uluslararas\u0131 Kampanya<\/a><\/h2><img decoding=\"async\" src=\"https:\/\/pgbsosyalizm.org\/yenicms\/wp-content\/uploads\/2014\/09\/filistin-flag-150x113.jpg\" \/>Filistin halk\u0131n\u0131n y\u0131lmayan\u00a0direni\u015fi, t\u00fcm emperyalist g\u00fc\u00e7lerin a\u00e7\u0131k\u00e7a ve ko\u015fulsuz \u0130srail\u2019e destek olmas\u0131na ra\u011fmen ediyor. D\u00fcnya devriminin en ileri noktas\u0131 haline gelen bu direni\u015fe ve Filistin halk\u0131na destek olmak \u00fczere, Cezayir \u0130\u015f\u00e7i Sendikalar\u0131 Konfederasyonu (UGTA) ve Cezayir \u0130\u015f\u00e7i Partisi (PT), 14 Eyl\u00fcl\u2019de uluslararas\u0131 bir kampanya ba\u015flatt\u0131lar. Kampanya, Filistin\u2019deki bombard\u0131manlara son verilmesi, ablukan\u0131n kald\u0131r\u0131lmas\u0131, limanlar\u0131n ve havaalan\u0131n\u0131n [&hellip;]<a href='https:\/\/pgbsosyalizm.org\/?p=1015' class='pfpReadMore'>Okumaya devam et \u2192<\/a><div class='clear'><\/div><hr><\/div><div class='pfpItem entry-content'><h2 class='entry-title'><a href='https:\/\/pgbsosyalizm.org\/?p=1019'>PALESTINE: Appeal of Algeria's UGTA and PT for the Unconditional, Total and Immediate Lifting of the Blockade of Gaza<\/a><\/h2>To workers, to labour activists, To defenders of democratic rights \u00a0 Unconditional, total and immediate lifting of the blockade of Gaza Immediate end to all war measures against Gaza &nbsp; The peoples and workers of the whole world have been horrified by the killing and mass destruction inflicted by Israel and its army on Gaza [&hellip;]<a href='https:\/\/pgbsosyalizm.org\/?p=1019' class='pfpReadMore'>Okumaya devam et \u2192<\/a><div class='clear'><\/div><hr><\/div><div class='pfpItem entry-content'><h2 class='entry-title'><a href='https:\/\/pgbsosyalizm.org\/?p=995'>\u0130srail\u2019in Gazze Bombard\u0131manlar\u0131 ve Ablukas\u0131, ABD \u0130\u015f\u00e7i Hareketinde \u00d6nemli \u00c7atlaklar Yarat\u0131yor<\/a><\/h2><img decoding=\"async\" src=\"https:\/\/pgbsosyalizm.org\/yenicms\/wp-content\/uploads\/2014\/09\/labour-for-palestine-145x150.jpg\" \/>&#8212; Alan Benjamin 1 Gazze halk\u0131na kar\u015f\u0131, ABD\u2019nin finanse etti\u011fi \u0130srail bombard\u0131manlar\u0131 ve \u015fiddetli kara sald\u0131r\u0131s\u0131n\u0131n (bug\u00fcne kadar b\u00fcy\u00fck \u00e7o\u011funlu\u011fu kad\u0131n ve \u00e7ocuklardan olu\u015fan 2 binden fazla Filistinlinin \u00f6ld\u00fcr\u00fcld\u00fc\u011f\u00fc, ard\u0131nda 9 bin 500\u2019den fazla a\u011f\u0131r yaral\u0131 ve 400 bine yak\u0131n evsiz b\u0131rakan, Gazze\u2019nin tar\u0131m ve sanayisinin b\u00fcy\u00fck bir k\u0131sm\u0131n\u0131 yok eden) sonras\u0131nda ABD i\u015f\u00e7i hareketinde [&hellip;]<a href='https:\/\/pgbsosyalizm.org\/?p=995' class='pfpReadMore'>Okumaya devam et \u2192<\/a><div class='clear'><\/div><hr><\/div><div class='pfpItem entry-content'><h2 class='entry-title'><a href='https:\/\/pgbsosyalizm.org\/?p=1006'>Important Fissures Develop in U.S. Labor Movement Over Israel\u2019s Bombings and Blockade of Gaza<\/a><\/h2>&#8212; Alan Benjamin 1 A new situation is developing in the U.S. labor movement in the aftermath of the U.S.-funded Israeli bombing and ground onslaught against Gaza and its people \u2014 an onslaught which to date has killed more than 2,000 Palestinians (largely women and children), left more than 9,500 severely injured, rendered up to [&hellip;]<a href='https:\/\/pgbsosyalizm.org\/?p=1006' class='pfpReadMore'>Okumaya devam et \u2192<\/a><div class='clear'><\/div><hr><\/div><div class='pfpItem entry-content'><h2 class='entry-title'><a href='https:\/\/pgbsosyalizm.org\/?p=990'>\u0130srail Tarihinde Hi\u00e7 Bu Kadar Zay\u0131f Olmam\u0131\u015ft\u0131!<\/a><\/h2>&#8212;\u00a0IV. Enternasyonal Uluslararas\u0131 Sekretaryas\u0131 D\u00fcnyan\u0131n b\u00fct\u00fcn emek\u00e7ilerinin ve halklar\u0131n\u0131n \u0130srail\u2019in, \u00f6zellikle Gazze\u2019de Filistin halk\u0131na kar\u015f\u0131 y\u00fcr\u00fctt\u00fc\u011f\u00fc toplu imha sava\u015f\u0131n\u0131 kayg\u0131yla izledikleri, Filistin halk\u0131n\u0131n ya\u015fama hakk\u0131n\u0131n ayaklar alt\u0131na al\u0131nd\u0131\u011f\u0131 bir s\u0131rada, herkes kendi kendine \u015fu soruyu soruyor: Bu duruma son verecek bir yol yok mu?<a href='https:\/\/pgbsosyalizm.org\/?p=990' class='pfpReadMore'>Okumaya devam et \u2192<\/a><div class='clear'><\/div><hr><\/div><div class='pfpItem entry-content'><h2 class='entry-title'><a href='https:\/\/pgbsosyalizm.org\/?p=611'>IV. Enternasyonal \u0130spanya Seksiyonu: Kral Tahttan Feragat Etti. Ya\u015fas\u0131n Cumhuriyet!<\/a><\/h2>-- POSI (Enternasyonalist Sosyalist \u0130\u015f\u00e7i Partisi, IV. Enternasyonal \u0130spanya Seksiyonu) Sekretaryas\u0131\r\n\r\n\u0130\u015f\u00e7ilerle Halklar\u0131n Hak ve \u00d6zg\u00fcrl\u00fcklerini Yeniden Elde Etmelerinin Vakti Geldi\r\n\r\n\u0130\u015fsizli\u011fe, \u00fccret k\u0131s\u0131nt\u0131lar\u0131na, ge\u00e7ici \u00e7al\u0131\u015fmaya, kamu hizmetlerinin y\u0131k\u0131m\u0131na maruz kalan geni\u015f halk y\u0131\u011f\u0131nlar\u0131 i\u00e7in ger\u00e7ek bir hakaret anlam\u0131na gelen \u201cBurbon\u201d hanedan\u0131n\u0131n ya\u015fam tarz\u0131 ve \u201ckraliyet\u201d ailesinin bula\u015ft\u0131\u011f\u0131 yolsuzluk skandallar\u0131 ve bu k\u0131s\u0131nt\u0131lara kar\u015f\u0131 ortak kazan\u0131mlar\u0131n\u0131 ve ulusal haklar\u0131n\u0131 savunan t\u00fcm halklar\u0131n ve emek\u00e7ilerin yo\u011fun direni\u015fi kar\u015f\u0131s\u0131nda h\u00fck\u00fcmdarl\u0131k rejimi u\u00e7urumun kenar\u0131na geldi.<a href='https:\/\/pgbsosyalizm.org\/?p=611' class='pfpReadMore'>Okumaya devam et \u2192<\/a><div class='clear'><\/div><hr><\/div><div class='pfpItem entry-content'><h2 class='entry-title'><a href='https:\/\/pgbsosyalizm.org\/?p=287'>Sosyalizm'in yeni say\u0131s\u0131 \u00e7\u0131kt\u0131<\/a><\/h2><img decoding=\"async\" src=\"https:\/\/pgbsosyalizm.org\/yenicms\/wp-content\/uploads\/2014\/01\/kapak46.png\" \/>46. say\u0131m\u0131z \u00e7\u0131kt\u0131. Edinmek i\u00e7in bizimle\u00a0temasa ge\u00e7in, dergimizi ayr\u0131ca a\u015fa\u011f\u0131daki kitabevlerinde bulabilirsiniz. \u0130stanbul Anadolu Yakas\u0131: Mephisto, Seyhan, Kalkedon Ankara: Dost Kitabevi<a href='https:\/\/pgbsosyalizm.org\/?p=287' class='pfpReadMore'>Okumaya devam et \u2192<\/a><div class='clear'><\/div><hr><\/div><div class='pfpItem entry-content'><h2 class='entry-title'><a href='https:\/\/pgbsosyalizm.org\/?p=276'>D\u00fcnya Devrimi \u0130lerliyor<\/a><\/h2><img decoding=\"async\" src=\"https:\/\/pgbsosyalizm.org\/yenicms\/wp-content\/uploads\/2013\/11\/gezi_on-kapak-150x150.jpg\" \/>&#8220;D\u00fcnya yeni bir d\u00f6neme girdi: \u00d6zellikle Suriye\u2019deki durumla ba\u011flant\u0131l\u0131 olarak d\u00fcnya d\u00fczeninin korunmas\u0131nda \u00f6nemli bir rol \u00fcstlenmi\u015f olan AKP h\u00fck\u00fcmetine kar\u015f\u0131 T\u00fcrkiye\u2019de ger\u00e7ekle\u015fen milyonlar\u0131n kitlesel seferberli\u011fi, Brezilya\u2019da CUT\u2019un ve di\u011fer sendikal \u00f6rg\u00fctlerin \u00e7a\u011fr\u0131s\u0131yla ger\u00e7ekle\u015fen genel grevdeki b\u00fcy\u00fck i\u015f\u00e7i kat\u0131l\u0131m\u0131, Portekiz\u2019de Avrupa Birli\u011finin krizini derinle\u015ftirerek h\u00fck\u00fcmetin geri ad\u0131m atmas\u0131n\u0131 sa\u011flayan muazzam e\u011fitimci eylemi ve en nihayetinde [&hellip;]<a href='https:\/\/pgbsosyalizm.org\/?p=276' class='pfpReadMore'>Okumaya devam et \u2192<\/a><div class='clear'><\/div><hr><\/div><div class='pfpItem entry-content'><h2 class='entry-title'><a href='https:\/\/pgbsosyalizm.org\/?p=271'>Gezi Direni\u015fi'yle \u0130lgili Uluslararas\u0131 Metinler<\/a><\/h2>IV. Enternasyonal seksiyonlar\u0131n\u0131n ve di\u011fer uluslararas\u0131 kurumlar\u0131n haz\u0131rlad\u0131\u011f\u0131 haberleri, r\u00f6portajlar\u0131 ve di\u011fer metinleri burada listeleyece\u011fiz: Revolt in Turkey: Interview with Turkish Marxist Dogan Fennibay, Socialist Organizer (ABD), 26 Haziran 2013<a href='https:\/\/pgbsosyalizm.org\/?p=271' class='pfpReadMore'>Okumaya devam et \u2192<\/a><div class='clear'><\/div><hr><\/div><div class='pfpItem entry-content'><h2 class='entry-title'><a href='https:\/\/pgbsosyalizm.org\/?p=270'>\u0130KP'nin Gezi Direni\u015fi ile \u0130lgili Bildirileri<\/a><\/h2><img decoding=\"async\" src=\"https:\/\/pgbsosyalizm.org\/yenicms\/wp-content\/uploads\/2013\/07\/featured-150x150.jpg\" \/>\u0130\u00e7inde m\u00fccadele verdi\u011fimiz \u0130\u015f\u00e7i Karde\u015fli\u011fi Partisi&#8216;nin (\u0130KP) Gezi Direni\u015fi \u00fczerine bildirilerine a\u015fa\u011f\u0131daki ba\u011flant\u0131lardan ula\u015fabilirsiniz: Hava D\u00f6nd\u00fc; Halktan, Gen\u00e7likten ve \u0130\u015f\u00e7iden Yana Esiyor Yel!, 8 Haziran 2013 Sosyalist Demokrasi Partisi\u2019ne (SDP) Yap\u0131lan Operasyonu \u015eiddetle K\u0131n\u0131yoruz!, 13 Haziran 2013 Ezilenlerin Sosyalist Partisi\u2019ne (ESP) D\u00fczenlenen Bask\u0131n\u0131 \u015eiddetle K\u0131n\u0131yoruz!, 19 Haziran 2013 AKP bir sava\u015f h\u00fck\u00fcmetidir! Bar\u0131\u015f, Ekmek ve [&hellip;]<a href='https:\/\/pgbsosyalizm.org\/?p=270' class='pfpReadMore'>Okumaya devam et \u2192<\/a><div class='clear'><\/div><hr><\/div><div class='pfpItem entry-content'><h2 class='entry-title'><a href='https:\/\/pgbsosyalizm.org\/?p=268'>IV. Enternasyonal Brezilya Seksiyonu'nun A\u00e7\u0131klamas\u0131<\/a><\/h2><img decoding=\"async\" src=\"https:\/\/pgbsosyalizm.org\/yenicms\/wp-content\/uploads\/2013\/06\/IV.Enternasyonal-small.jpg\" \/><p>-- Brezilya \u0130\u015f\u00e7i Partisi (PT) O Trabalho Grubu, IV. Enternasyonal Brezilya Seksiyonu<\/p> <p>G\u00fcn\u00fcm\u00fcz siyasi ko\u015fullar\u0131nda:<\/p> <p>Ba\u015fkan Dilma, ba\u011f\u0131ms\u0131z bir Kurucu Meclis topla!<\/p> <p>E\u011fer PMDB (Brezilya Demokratik Hareket Partisi) Ba\u015fkan\u0131 ve Devlet Ba\u015fkan\u0131 Yard\u0131mc\u0131s\u0131 Michel Temer buna kar\u015f\u0131 \u00e7\u0131k\u0131yorsa, Temer ile ili\u015fkine son ver. Sokaklar senin arkanda duracakt\u0131r!<\/p> <a href='https:\/\/pgbsosyalizm.org\/?p=268' class='pfpReadMore'>Okumaya devam et \u2192<\/a><div class='clear'><\/div><hr><\/div><div class='pfpItem entry-content'><h2 class='entry-title'><a href='https:\/\/pgbsosyalizm.org\/?p=269'>Devrimci Gen\u00e7lik Enternasyonali Brezilya Seksiyonu'nun Toplu Ta\u015f\u0131ma Fiyatlar\u0131n\u0131n D\u00fc\u015f\u00fcr\u00fclmesi M\u00fccadelesi \u00dczerine Bildirisi<\/a><\/h2>-- Brezilya Devrimci Gen\u00e7lik (Juventude Revolucao) Ulusal Konseyi (Devrimci Gen\u00e7lik Enternasyonali Brezilya Seksiyonu)\r\n<h1 style=\"text-align: justify;\">Toplu ta\u015f\u0131ma fiyat art\u0131\u015flar\u0131na kar\u015f\u0131 birlik ve demokrasi<\/h1>\r\n<p style=\"text-align: justify;\">Son g\u00fcnlerde binlerce ve binlerce gen\u00e7, kitlesel g\u00f6sterilerle Brezilya\u2019n\u0131n bir\u00e7ok \u015fehrinin sokaklar\u0131n\u0131 doldurdu. Bu protesto dalgas\u0131 \u00f6nemli bir ad\u0131m. Art\u0131k gen\u00e7lik, tek amac\u0131 toplumun s\u0131rt\u0131ndan karl\u0131l\u0131\u011f\u0131n\u0131 art\u0131rmak olan m\u00fcte\u015febbis mafyas\u0131 taraf\u0131ndan i\u015fletilen, pespaye, pahal\u0131 ve g\u00fcvensiz bir toplu ta\u015f\u0131ma sistemine tahamm\u00fcl etmeyece\u011fini g\u00f6sterdi.<\/p>\r\n<p style=\"text-align: justify;\">Bu y\u00fczden gen\u00e7lik bug\u00fcn bilet fiyatlar\u0131n\u0131n derhal d\u00fc\u015f\u00fcr\u00fclmesini talep ediyor. Bu gen\u00e7li\u011fin ayd\u0131nl\u0131k bir gelecek i\u00e7in m\u00fccadele etmeye olan kararl\u0131\u011f\u0131n\u0131 g\u00f6steriyor. Gen\u00e7li\u011fin haklar\u0131 i\u00e7in sava\u015fan Juventude Revolu\u00e7\u00e3o da bu m\u00fccadelenin bir par\u00e7as\u0131d\u0131r.<\/p>\r\n<p style=\"text-align: justify;\">Sao Paolo\u2019da g\u00f6steri yapan binlerce gence, polis Sao Paolo Eyaleti valisi Geraldo Alckmim\u2019in (PSDB) emirleri do\u011frultusunda vah\u015fice sald\u0131rd\u0131. Bir\u00e7oklar\u0131 g\u00f6z alt\u0131na al\u0131nd\u0131. Bu olay, gen\u00e7li\u011fin t\u00fcm \u00fclke \u00e7ap\u0131nda Askeri Polis\u2019in \u015fiddetine kar\u015f\u0131 sokaklara d\u00f6k\u00fclmesine yol a\u00e7t\u0131. Askeri Polis, Brezilya\u2019da 1969 y\u0131l\u0131nda d\u00f6nemin dikta rejiminin kararnamesiyle kurulmu\u015f \u00f6zel bir polis birli\u011fidir.<\/p>\r\n<p style=\"text-align: justify;\">Askeri Polis\u2019in Sao Paolo ve di\u011fer eyaletlerdeki \u015fiddeti, bu kurumun ne i\u015fe yarad\u0131\u011f\u0131n\u0131 bir kez daha g\u00f6zler \u00f6n\u00fcne serdi: t\u0131pk\u0131 siyah gen\u00e7li\u011fin gecekondularda yapt\u0131\u011f\u0131 g\u00f6sterilerde oldu\u011fu gibi, haklar\u0131 i\u00e7n m\u00fccadele eden gen\u00e7li\u011fi bast\u0131rmak. Bu Askeri Polis\u2019in acilen la\u011fvedilmesi gereklili\u011fini bir kez daha g\u00f6sterdi.<\/p><a href='https:\/\/pgbsosyalizm.org\/?p=269' class='pfpReadMore'>Okumaya devam et \u2192<\/a><div class='clear'><\/div><hr><\/div><div class='pfpItem entry-content'><h2 class='entry-title'><a href='https:\/\/pgbsosyalizm.org\/?p=272'>IV. Enternasyonal 8. D\u00fcnya Kongresi\u2019ne davetli olarak kat\u0131lan M\u0131s\u0131r temsilcisiyle r\u00f6portaj<\/a><\/h2><p>IV. Enternasyonal 8. D\u00fcnya Kongresi'ne davetli olarak kat\u0131lan Zeyna ile \u00fclkesindeki mevcut durumu konu\u015ftuk.<\/p> <p><strong>\u0130sminizi ve g\u00f6revinizi \u00f6\u011frenebilir miyim?<\/strong><\/p> <p>Ad\u0131m Zeyna. Tur rehberli\u011fi yap\u0131yorum. Devrimci gen\u00e7 insanlar\u0131n bir par\u00e7as\u0131y\u0131m.<\/p> <p><strong>Konu\u015fman\u0131zda Tunus\u2019ta \u015e\u00fckr\u00fc Belaid\u2019in \u00f6ld\u00fcr\u00fclmesi gibi h\u00fck\u00fcmetin cinayetlerinden bahsettiniz.<\/strong><\/p> <p>S\u00f6yledi\u011fim gibi bu M\u0131s\u0131r\u2019da Tunus\u2019ta ger\u00e7ekle\u015fmeden \u00e7ok \u00f6nce, yeni ba\u015fkan Mursi g\u00f6reve geldikten be\u015f ay sonra ba\u015flad\u0131. 17 ya\u015f\u0131nda gen\u00e7 bir erkekti. Asl\u0131nda bu gen\u00e7, M\u00fcbarek\u2019in eski ba\u015fbakan\u0131n\u0131n (Ahmed \u015eerif) ba\u015fkan adayl\u0131\u011f\u0131nda temsil olan eski rejim ve Mursi aras\u0131nda se\u00e7im yapmam\u0131z gerekti\u011fi zamanlarda M\u00fcsl\u00fcman Karde\u015fler\u2019i destekliyordu. Bir\u00e7ok gen\u00e7 insan M\u00fcsl\u00fcman Karde\u015fler\u2019in Tahrir Meydan\u0131\u2019nda onlarla beraber oldu\u011fu i\u00e7in onlara olumlu bak\u0131yorlard\u0131. \u00d6zellikle gen\u00e7ler belki de Mursi\u2019nin belki de daha iyi olaca\u011f\u0131n\u0131 d\u00fc\u015f\u00fcnerek Mursi\u2019ye oy verdi. Hepsinden \u00f6nemlisi, tabii ki devrim s\u00fcresince ya\u015fanan cinayetler ve \u00e7at\u0131\u015fmalardan sorumlu olan M\u00fcbarek\u2019in ba\u015fbakan\u0131 \u015eerif\u2019i desteklemeyi bir alternatif olarak d\u00fc\u015f\u00fcnemezlerdi. Sonu\u00e7 olarak bir gen\u00e7 \u00f6ld\u00fc. Kendisi asl\u0131nda Mursi\u2019nin grubundand\u0131, Mursi\u2019nin se\u00e7im zaferi kutlamalar\u0131ndan foto\u011fraflar\u0131 vard\u0131 ve ilk \u00f6ld\u00fcr\u00fclen ki\u015fiydi. Bununla beraber bir dizi suikast, ka\u00e7\u0131rma ya da sadece kaybolma gibi olaylar ya\u015fand\u0131. Kendisine ula\u015f\u0131p bulamad\u0131\u011f\u0131m\u0131z baz\u0131 gen\u00e7ler var. Ayn\u0131 \u015fekilde i\u015fkenceler de ya\u015fand\u0131.<\/p> <a href='https:\/\/pgbsosyalizm.org\/?p=272' class='pfpReadMore'>Okumaya devam et \u2192<\/a><div class='clear'><\/div><hr><\/div>\n","protected":false},"excerpt":{"rendered":"","protected":false},"author":1,"featured_media":0,"parent":0,"menu_order":0,"comment_status":"closed","ping_status":"open","template":"","meta":{"footnotes":""},"class_list":["post-335","page","type-page","status-publish","hentry"],"_links":{"self":[{"href":"https:\/\/pgbsosyalizm.org\/index.php?rest_route=\/wp\/v2\/pages\/335","targetHints":{"allow":["GET"]}}],"collection":[{"href":"https:\/\/pgbsosyalizm.org\/index.php?rest_route=\/wp\/v2\/pages"}],"about":[{"href":"https:\/\/pgbsosyalizm.org\/index.php?rest_route=\/wp\/v2\/types\/page"}],"author":[{"embeddable":true,"href":"https:\/\/pgbsosyalizm.org\/index.php?rest_route=\/wp\/v2\/users\/1"}],"replies":[{"embeddable":true,"href":"https:\/\/pgbsosyalizm.org\/index.php?rest_route=%2Fwp%2Fv2%2Fcomments&post=335"}],"version-history":[{"count":19,"href":"https:\/\/pgbsosyalizm.org\/index.php?rest_route=\/wp\/v2\/pages\/335\/revisions"}],"predecessor-version":[{"id":1798,"href":"https:\/\/pgbsosyalizm.org\/index.php?rest_route=\/wp\/v2\/pages\/335\/revisions\/1798"}],"wp:attachment":[{"href":"https:\/\/pgbsosyalizm.org\/index.php?rest_route=%2Fwp%2Fv2%2Fmedia&parent=335"}],"curies":[{"name":"wp","href":"https:\/\/api.w.org\/{rel}","templated":true}]}}